{"id":6213,"date":"2025-04-02T07:40:10","date_gmt":"2025-04-02T07:40:10","guid":{"rendered":"https:\/\/jubile2025-fatima.org\/meditations\/llevar-la-cruz\/"},"modified":"2025-04-02T12:25:07","modified_gmt":"2025-04-02T12:25:07","slug":"llevar-la-cruz","status":"publish","type":"meditation","link":"https:\/\/jubile2025-fatima.org\/es\/meditations\/llevar-la-cruz\/","title":{"rendered":"Llevar la cruz"},"content":{"rendered":"\n<article class=\"wp-block-group has-global-padding is-layout-constrained wp-block-group-is-layout-constrained\">\n<p>Ma\u00f1ana entramos en la Semana de la Pasi\u00f3n. En este<sup>primer<\/sup> s\u00e1bado de abril de 2025, meditaremos sobre la carga de la cruz. Este doloroso misterio es muy denso, y vamos a empezar centr\u00e1ndonos en un pasaje importante: el encuentro entre Jes\u00fas y su Madre. Despu\u00e9s de que Jes\u00fas hubiera sido condenado, la Sant\u00edsima Virgen, acompa\u00f1ada de San Juan y de las santas mujeres, se abri\u00f3 paso entre la multitud para situarse al pie de una casa por donde deb\u00eda pasar la procesi\u00f3n. Cuando Jes\u00fas a\u00fan no hab\u00eda llegado hasta ellos, la maldad humana se desat\u00f3 contra Mar\u00eda.    <\/p>\n\n\n\n<p><em>\u00abLa Madre de Dios estaba p\u00e1lida, con los ojos enrojecidos por las l\u00e1grimas, temblorosa y apenas capaz de sostenerse. Cuando las personas que llevaban los instrumentos de tortura se acercaron con aire insolente y triunfante, la Madre de Jes\u00fas empez\u00f3 a temblar y a gemir; junt\u00f3 las manos y uno de esos miserables pregunt\u00f3:   <\/em><em>\u00ab\u00bfQui\u00e9n es esta mujer que se lamenta?<\/em><em> Otro responde <\/em>: <em>\u00abEs la madre del Galileo<\/em>\u00ab. <em>  Cuando estos canallas oyeron estas palabras, se burlaron de esta Madre dolorosa; la se\u00f1alaron con el dedo, y uno de ellos tom\u00f3 en su mano los clavos que deb\u00edan atar a Jes\u00fas a la cruz, y se los present\u00f3 burlonamente a la Sant\u00edsima Virgen\u00bb. (Visiones de la Beata Ana Catalina Emmerich -ACE-) <\/em><\/p>\n\n\n\n<div class=\"wp-block-columns are-vertically-aligned-center is-layout-flex wp-container-core-columns-is-layout-d0b3c9c8 wp-block-columns-is-layout-flex\">\n<div class=\"wp-block-column is-vertically-aligned-center is-layout-flow wp-block-column-is-layout-flow\" style=\"flex-basis:33.33%\"><figure style=\"margin-top:15px;\" class=\"wp-block-post-featured-image\"><img data-recalc-dims=\"1\" decoding=\"async\" width=\"269\" height=\"256\" src=\"https:\/\/i0.wp.com\/jubile2025-fatima.org\/wp-content\/uploads\/2025\/04\/portement-de-croix-2.jpg?resize=269%2C256&#038;ssl=1\" class=\"attachment-post-thumbnail size-post-thumbnail wp-post-image\" alt=\"\" style=\"border-radius:0px;object-fit:cover;\" \/><\/figure><\/div>\n\n\n\n<div class=\"wp-block-column is-vertically-aligned-center is-layout-flow wp-block-column-is-layout-flow\" style=\"flex-basis:66.66%\">\n<p>\u00a1Qu\u00e9 actitud tan despreciable hacia Ella, que no es m\u00e1s que caridad y amor! Esta fue la <strong>primera ofensa <\/strong>directa grave a la Sant\u00edsima Virgen por parte de los hombres. Si hubi\u00e9ramos estado en el camino del Calvario junto a Mar\u00eda, \u00bfc\u00f3mo habr\u00edamos reaccionado? \u00bfHabr\u00edamos permanecido indiferentes? Por supuesto que no. Al contrario, habr\u00edamos hecho todo lo posible para protegerla y compensar los insultos de la multitud y de los soldados. Pues bien, hoy la situaci\u00f3n es la misma. Los insultos y las blasfemias dirigidas a la Virgen por el mundo moderno contin\u00faan, y son incluso peores que cuando fue llevada a la cruz. Para enmendarlo, Mar\u00eda nos ha pedido que hagamos este peque\u00f1o esfuerzo el <sup>primer<\/sup> s\u00e1bado del mes. Seamos claros. Si no hacemos estos <sup>1os<\/sup> s\u00e1bados, es exactamente como si estuvi\u00e9ramos en el camino del Calvario junto a Ella y nos neg\u00e1ramos a apoyarla y consolarla por la ignominia que recibe&#8230;          <\/p>\n<\/div>\n<\/div>\n\n\n\n<p>Tras los ultrajes de los verdugos, de repente la Virgen ve por fin a su hijo: \u00ab<em>Mir\u00f3 a Jes\u00fas, juntando las manos, y, rota de dolor, se apoy\u00f3 en la puerta, p\u00e1lida como un cad\u00e1ver y con los labios azules, para no caerse\u00bb. (ACE)   <\/em>Ella hab\u00eda contemplado el rostro radiante y bueno de Nuestro Se\u00f1or durante treinta y tres a\u00f1os, pero ahora lo ve\u00eda desfigurado y aplastado por el sufrimiento. Ante esta visi\u00f3n, la espada profetizada por San Sime\u00f3n en la Presentaci\u00f3n en el Templo acababa de clavarse en el Coraz\u00f3n de su Madre. Fue entonces cuando Jes\u00fas, a su vez, levant\u00f3 los ojos y la vio:<em>\u00abSus ojos apagados y ensangrentados, bajo la horrible trenza de la corona de espinas, lanzaron una mirada triste y compasiva a su dolorida Madre, y tropezando bajo su carga, cay\u00f3 por segunda vez de rodillas y sobre sus manos\u00bb (ACE) <\/em>S\u00ed, la visi\u00f3n del dolor de su Madre fue una prueba tan insoportable para Jes\u00fas que sus fuerzas le abandonaron.    <\/p>\n\n\n\n<p>Aquella primera mirada entre Jes\u00fas y Mar\u00eda debi\u00f3 de ser de una intensidad indescriptible. La beata Ana Catalina Emmerich describe la escena desde el punto de vista de Mar\u00eda:<em>\u00abMar\u00eda, en la violencia de su dolor, no vio ni soldados ni verdugos: s\u00f3lo vio a su Hijo amado reducido a este miserable estado; se precipit\u00f3 desde la puerta de la casa en medio de los arqueros que maltrataban a Jes\u00fas, cay\u00f3 de rodillas junto a \u00e9l y lo estrech\u00f3 entre sus brazos\u00bb (ACE) <\/em>Como Jes\u00fas, cay\u00f3 en el camino del Calvario, a su lado. All\u00ed estaban los dos, en el suelo, aplastados por la maldad de los hombres. Sus dos corazones se hacen uno en este sacrificio hecho por amor a nosotros, por nuestra salvaci\u00f3n.   <\/p>\n\n\n\n<p>En su libro \u00abLa mont\u00e9e au Calvaire\u00bb, el abate Perroy describe la escena desde el lado de Jes\u00fas.  <em>\u00abLevant\u00f3 un poco la cabeza empapada en sangre y la mir\u00f3 [sa M\u00e8re]. \u00a1Qu\u00e9 mirada! \u00a1Qu\u00e9 silencio! Hay sufrimientos que no se pueden expresar; las palabras los distorsionar\u00edan; todo se dice con una mirada y en silencio. Desde aquel momento en que Jes\u00fas se encontr\u00f3 con su Madre, hubo un profundo desgarramiento en su Coraz\u00f3n. (&#8230;) La mirada del ser m\u00e1s querido por excelencia fue el instrumento de tormento m\u00e1s penetrante de la Pasi\u00f3n: s\u00f3lo quienes hayan experimentado\u0301 la mordedura de un dolor semejante lo comprender\u00e1n.\u00bb  <\/em><\/p>\n\n\n\n<p>Aunque el recuerdo de Su agon\u00eda en el Huerto de los Olivos sigue presente, ahora ve comenzar la agon\u00eda de Su propia Madre. Sabe que \u00c9l la arrastr\u00f3 a esta locura de redimir al mundo. Podr\u00eda hab\u00e9rselo ahorrado si sus legiones de \u00e1ngeles hubieran intervenido. Pero la voluntad del Padre es diferente. Sabe que al aceptar su propio sacrificio, ha provocado el de su Madre. Qu\u00e9 carga para Jes\u00fas. Despu\u00e9s de cargar con los pecados del mundo, ahora debe llevar en su Coraz\u00f3n el inmenso dolor de su Sant\u00edsima Madre. Pero como en el Huerto de los Olivos, esta nueva carga la experimenta a\u00fan en total sumisi\u00f3n a la voluntad de su Padre. Y conociendo a su Madre, sabe que esta sumisi\u00f3n es compartida por ella en una perfecta uni\u00f3n de Coraz\u00f3n con \u00e9l. Esta terrible prueba los uni\u00f3 m\u00e1s que nunca. Pasaron unos segundos y Mar\u00eda, apartada por los soldados, desapareci\u00f3 de su vista. Entonces Jes\u00fas se puso pacientemente en pie.             <\/p>\n\n\n\n<p>Continuemos el V\u00eda Crucis con Jes\u00fas. \u00bfNotamos que s\u00f3lo habl\u00f3 una vez? No habl\u00f3 a la Sant\u00edsima Virgen, ni a Santa Ver\u00f3nica, ni a Sim\u00f3n de Cirene. Sorprendentemente, sus \u00fanicas palabras fueron para las hijas de Jerusal\u00e9n, que lloraban porque su sensibilidad hab\u00eda sido sacudida por la violencia del espect\u00e1culo. Ante esto, Jes\u00fas<em>\u00abse volvi\u00f3\u00bb<\/em> hacia ellas y les dijo estas graves palabras: <em>\u00abNo llor\u00e9is por m\u00ed, sino por vosotras y por vuestros hijos\u00bb. <\/em><em>(<\/em>Lc 23,28). Podemos meditar sobre este pasaje considerando que, de hecho, Jes\u00fas se dirige a nosotros.       <\/p>\n\n\n\n<p>Retomemos la escena. Con el rostro ensangrentado, Jes\u00fas se vuelve hacia m\u00ed, que en ese momento medito cargar con la cruz, y me dice: amigo m\u00edo, no sientas compasi\u00f3n por m\u00ed, sino por tu alma pecadora, que es la causa de mi sufrimiento. S\u00ed, la leg\u00edtima compasi\u00f3n que sentimos por Jes\u00fas mientras camina hacia el Calvario no debe limitarse a una simple y sensible tristeza. Debe ir acompa\u00f1ada de la aguda conciencia <strong>de que nosotros somos la causa<\/strong>. San Alfonso de Ligorio nos recuerda: <em>\u00abDebemos recordar tambi\u00e9n que todo lo que nuestro Se\u00f1or sufri\u00f3 en su pasi\u00f3n, lo sufri\u00f3 <\/em><strong><em>por cada uno de nosotros en particular<\/em><\/strong>    <em>. \u00bb <\/em>  Vivir este V\u00eda Crucis es contemplar los sufrimientos de nuestro bueno y bondadoso Jes\u00fas y, al mismo tiempo, arrojarnos al suelo junto a \u00c9l e implorar su perd\u00f3n. Nuestra tristeza por que Jes\u00fas cargue con su Cruz no tiene sentido si, al mismo tiempo, seguimos apoy\u00e1ndonos nosotros mismos en su Cruz por nuestra indiferencia ante nuestras faltas, y esto ser\u00eda como las lamentaciones de las hijas de Jerusal\u00e9n: una fachada y no un verdadero amor a Jes\u00fas. <\/p>\n\n\n\n<p>Amar a Cristo llevando su Cruz es, por tanto, una mezcla de dolor sensible por sus sufrimientos y de profundo remordimiento por ser la causa de ellos; es admirar este don, esta abnegaci\u00f3n de Jes\u00fas que lo da todo para salvarme y reparar mis faltas. <em>\u00abSe\u00f1or, me amaste, no como a ti mismo, sino m\u00e1s que a ti mismo; porque, para salvarme de la muerte, quisiste morir por m\u00ed\u00bb, <\/em>dec\u00eda san Alfonso de Ligorio. Lo mismo ocurre con la espada que se clava en el Coraz\u00f3n de la Sant\u00edsima Virgen Mar\u00eda cuando descubre a su Hijo llevando su Cruz. Esta espada es clavada, no por otros, sino sobre todo por cada uno de nosotros. Oh, \u00a1cu\u00e1nto debemos asustarnos cuando veamos lo que hemos hecho a Jes\u00fas y a Mar\u00eda! Pero no nos quedemos paralizados ante esta realidad y transformemos r\u00e1pidamente este miedo en verdadero arrepentimiento. Entonces, en lugar de la desesperaci\u00f3n causada por nuestra responsabilidad, nos iluminaremos con la Misericordia de los Corazones de Jes\u00fas y de Mar\u00eda concedida a los que saben pedir perd\u00f3n.     <\/p>\n\n\n\n<p>Para concluir, las palabras de Jes\u00fas a las hijas de Jerusal\u00e9n tambi\u00e9n deber\u00edan hacernos reflexionar sobre nuestra actitud ante el colapso del mundo actual. Nos gusta quejarnos de la amenaza de la guerra y del mal que se extiende por todas partes. Pero tambi\u00e9n deber\u00edamos reflexionar sobre nuestra propia mediocridad, que es tambi\u00e9n una de las causas de todo este mal. En efecto, si nuestras buenas acciones, gracias a la comuni\u00f3n de los santos, reflejan bien a todos los hombres sin que nos demos cuenta, lo mismo ocurre con nuestra tibieza y nuestra negligencia, que contribuyen al desarrollo del mal en la tierra, incluso en la Iglesia. Antes de llorar por el mundo, lloremos primero por nosotros mismos, como nos dir\u00eda Cristo hoy.      <\/p>\n\n\n\n<p>Nuestra Se\u00f1ora nos dijo en F\u00e1tima exactamente lo que quer\u00eda para salvar al mundo: el rosario y la <strong>1\u00aa<\/strong><strong><sup>primeros<\/sup><\/strong><strong> s\u00e1bados de mes<\/strong>. Pero durante los \u00faltimos 100 a\u00f1os hemos hecho poco o nada de eso, y por ello somos en parte responsables de la dram\u00e1tica situaci\u00f3n del mundo. En 2025, a\u00f1o crucial, necesitamos urgentemente empezar a hacer con confianza los primeros s\u00e1bados de <sup>mes<\/sup>, porque como dijo Santa Jacinta de F\u00e1tima: <em>\u00abNunca es demasiado tarde para recurrir a los Corazones de Jes\u00fas y de Mar\u00eda\u00bb.<\/em>  <\/p>\n\n\n\n<p><em>Autor : Alianza 1<\/em><em><sup>ers<\/sup><\/em><em> S\u00e1bados de F\u00e1tima<\/em><\/p>\n<\/article>\n","protected":false},"excerpt":{"rendered":"<p>Meditaciones para los \u00abprimeros s\u00e1bados de mes\u00bb<br \/>\n5 de abril de 2025 , santuario de Nuestra Se\u00f1ora de Casalibus, Grande Chartreuse (Francia)<br \/>\n4\u00ba Misterio Doloroso: llevar la cruz<br \/>\nFruto del Misterio: perseverancia en las pruebas<\/p>\n","protected":false},"author":2,"featured_media":6189,"comment_status":"open","ping_status":"closed","template":"","meta":{"inline_featured_image":false,"footnotes":""},"tags":[],"categorie_meditation":[],"class_list":["post-6213","meditation","type-meditation","status-publish","has-post-thumbnail","hentry"],"yoast_head":"<!-- This site is optimized with the Yoast SEO plugin v26.4 - https:\/\/yoast.com\/wordpress\/plugins\/seo\/ -->\n<title>Llevar la cruz - jubile2025-fatima.org<\/title>\n<meta name=\"description\" content=\"Meditaciones para los &quot;Primeros s\u00e1bados de mes &quot;5 de abril de 2025 , santuario de ND de Casalibus , Grande Chartreuse (Francia)4\u00ba Misterio Doloroso: llevar la cruzFruto del Misterio: perseverancia en las pruebas\" \/>\n<meta name=\"robots\" content=\"index, follow, max-snippet:-1, max-image-preview:large, max-video-preview:-1\" \/>\n<link rel=\"canonical\" href=\"https:\/\/jubile2025-fatima.org\/es\/meditations\/llevar-la-cruz\/\" \/>\n<meta property=\"og:locale\" content=\"es_ES\" \/>\n<meta property=\"og:type\" content=\"article\" \/>\n<meta property=\"og:title\" content=\"Llevar la cruz - jubile2025-fatima.org\" \/>\n<meta property=\"og:description\" content=\"Meditaciones para los &quot;Primeros s\u00e1bados de mes &quot;5 de abril de 2025 , santuario de ND de Casalibus , Grande Chartreuse (Francia)4\u00ba Misterio Doloroso: llevar la cruzFruto del Misterio: perseverancia en las pruebas\" \/>\n<meta property=\"og:url\" content=\"https:\/\/jubile2025-fatima.org\/es\/meditations\/llevar-la-cruz\/\" \/>\n<meta property=\"og:site_name\" content=\"jubile2025-fatima.org\" \/>\n<meta property=\"article:modified_time\" content=\"2025-04-02T12:25:07+00:00\" \/>\n<meta property=\"og:image\" content=\"https:\/\/jubile2025-fatima.org\/wp-content\/uploads\/2025\/04\/portement-de-croix-2.jpg\" \/>\n\t<meta property=\"og:image:width\" content=\"269\" \/>\n\t<meta property=\"og:image:height\" content=\"256\" \/>\n\t<meta property=\"og:image:type\" content=\"image\/jpeg\" \/>\n<meta name=\"twitter:card\" content=\"summary_large_image\" \/>\n<meta name=\"twitter:label1\" content=\"Tiempo de lectura\" \/>\n\t<meta name=\"twitter:data1\" content=\"9 minutos\" \/>\n<script type=\"application\/ld+json\" class=\"yoast-schema-graph\">{\"@context\":\"https:\/\/schema.org\",\"@graph\":[{\"@type\":\"WebPage\",\"@id\":\"https:\/\/jubile2025-fatima.org\/es\/meditations\/llevar-la-cruz\/\",\"url\":\"https:\/\/jubile2025-fatima.org\/es\/meditations\/llevar-la-cruz\/\",\"name\":\"Llevar la cruz - jubile2025-fatima.org\",\"isPartOf\":{\"@id\":\"https:\/\/jubile2025-fatima.org\/es\/#website\"},\"primaryImageOfPage\":{\"@id\":\"https:\/\/jubile2025-fatima.org\/es\/meditations\/llevar-la-cruz\/#primaryimage\"},\"image\":{\"@id\":\"https:\/\/jubile2025-fatima.org\/es\/meditations\/llevar-la-cruz\/#primaryimage\"},\"thumbnailUrl\":\"https:\/\/i0.wp.com\/jubile2025-fatima.org\/wp-content\/uploads\/2025\/04\/portement-de-croix-2.jpg?fit=269%2C256&ssl=1\",\"datePublished\":\"2025-04-02T07:40:10+00:00\",\"dateModified\":\"2025-04-02T12:25:07+00:00\",\"description\":\"Meditaciones para los \\\"Primeros s\u00e1bados de mes \\\"5 de abril de 2025 , santuario de ND de Casalibus , Grande Chartreuse (Francia)4\u00ba Misterio Doloroso: llevar la cruzFruto del Misterio: perseverancia en las pruebas\",\"breadcrumb\":{\"@id\":\"https:\/\/jubile2025-fatima.org\/es\/meditations\/llevar-la-cruz\/#breadcrumb\"},\"inLanguage\":\"es\",\"potentialAction\":[{\"@type\":\"ReadAction\",\"target\":[\"https:\/\/jubile2025-fatima.org\/es\/meditations\/llevar-la-cruz\/\"]}]},{\"@type\":\"ImageObject\",\"inLanguage\":\"es\",\"@id\":\"https:\/\/jubile2025-fatima.org\/es\/meditations\/llevar-la-cruz\/#primaryimage\",\"url\":\"https:\/\/i0.wp.com\/jubile2025-fatima.org\/wp-content\/uploads\/2025\/04\/portement-de-croix-2.jpg?fit=269%2C256&ssl=1\",\"contentUrl\":\"https:\/\/i0.wp.com\/jubile2025-fatima.org\/wp-content\/uploads\/2025\/04\/portement-de-croix-2.jpg?fit=269%2C256&ssl=1\",\"width\":269,\"height\":256},{\"@type\":\"BreadcrumbList\",\"@id\":\"https:\/\/jubile2025-fatima.org\/es\/meditations\/llevar-la-cruz\/#breadcrumb\",\"itemListElement\":[{\"@type\":\"ListItem\",\"position\":1,\"name\":\"Accueil\",\"item\":\"https:\/\/jubile2025-fatima.org\/es\/\"},{\"@type\":\"ListItem\",\"position\":2,\"name\":\"M\u00e9ditations\",\"item\":\"https:\/\/jubile2025-fatima.org\/es\/meditations\/\"},{\"@type\":\"ListItem\",\"position\":3,\"name\":\"Llevar la cruz\"}]},{\"@type\":\"WebSite\",\"@id\":\"https:\/\/jubile2025-fatima.org\/es\/#website\",\"url\":\"https:\/\/jubile2025-fatima.org\/es\/\",\"name\":\"jubile2025-fatima.org\",\"description\":\"Jubile 2025 Fatima - Alliance les 1ers samedis de de Fatima pour la paix\",\"publisher\":{\"@id\":\"https:\/\/jubile2025-fatima.org\/es\/#organization\"},\"potentialAction\":[{\"@type\":\"SearchAction\",\"target\":{\"@type\":\"EntryPoint\",\"urlTemplate\":\"https:\/\/jubile2025-fatima.org\/es\/?s={search_term_string}\"},\"query-input\":{\"@type\":\"PropertyValueSpecification\",\"valueRequired\":true,\"valueName\":\"search_term_string\"}}],\"inLanguage\":\"es\"},{\"@type\":\"Organization\",\"@id\":\"https:\/\/jubile2025-fatima.org\/es\/#organization\",\"name\":\"jubile2025-fatima.org\",\"url\":\"https:\/\/jubile2025-fatima.org\/es\/\",\"logo\":{\"@type\":\"ImageObject\",\"inLanguage\":\"es\",\"@id\":\"https:\/\/jubile2025-fatima.org\/es\/#\/schema\/logo\/image\/\",\"url\":\"https:\/\/jubile2025-fatima.org\/wp-content\/uploads\/2024\/12\/2logo-officiel-copie-2.png\",\"contentUrl\":\"https:\/\/jubile2025-fatima.org\/wp-content\/uploads\/2024\/12\/2logo-officiel-copie-2.png\",\"width\":1921,\"height\":1081,\"caption\":\"jubile2025-fatima.org\"},\"image\":{\"@id\":\"https:\/\/jubile2025-fatima.org\/es\/#\/schema\/logo\/image\/\"}}]}<\/script>\n<!-- \/ Yoast SEO plugin. -->","yoast_head_json":{"title":"Llevar la cruz - jubile2025-fatima.org","description":"Meditaciones para los \"Primeros s\u00e1bados de mes \"5 de abril de 2025 , santuario de ND de Casalibus , Grande Chartreuse (Francia)4\u00ba Misterio Doloroso: llevar la cruzFruto del Misterio: perseverancia en las pruebas","robots":{"index":"index","follow":"follow","max-snippet":"max-snippet:-1","max-image-preview":"max-image-preview:large","max-video-preview":"max-video-preview:-1"},"canonical":"https:\/\/jubile2025-fatima.org\/es\/meditations\/llevar-la-cruz\/","og_locale":"es_ES","og_type":"article","og_title":"Llevar la cruz - jubile2025-fatima.org","og_description":"Meditaciones para los \"Primeros s\u00e1bados de mes \"5 de abril de 2025 , santuario de ND de Casalibus , Grande Chartreuse (Francia)4\u00ba Misterio Doloroso: llevar la cruzFruto del Misterio: perseverancia en las pruebas","og_url":"https:\/\/jubile2025-fatima.org\/es\/meditations\/llevar-la-cruz\/","og_site_name":"jubile2025-fatima.org","article_modified_time":"2025-04-02T12:25:07+00:00","og_image":[{"width":269,"height":256,"url":"https:\/\/jubile2025-fatima.org\/wp-content\/uploads\/2025\/04\/portement-de-croix-2.jpg","type":"image\/jpeg"}],"twitter_card":"summary_large_image","twitter_misc":{"Tiempo de lectura":"9 minutos"},"schema":{"@context":"https:\/\/schema.org","@graph":[{"@type":"WebPage","@id":"https:\/\/jubile2025-fatima.org\/es\/meditations\/llevar-la-cruz\/","url":"https:\/\/jubile2025-fatima.org\/es\/meditations\/llevar-la-cruz\/","name":"Llevar la cruz - jubile2025-fatima.org","isPartOf":{"@id":"https:\/\/jubile2025-fatima.org\/es\/#website"},"primaryImageOfPage":{"@id":"https:\/\/jubile2025-fatima.org\/es\/meditations\/llevar-la-cruz\/#primaryimage"},"image":{"@id":"https:\/\/jubile2025-fatima.org\/es\/meditations\/llevar-la-cruz\/#primaryimage"},"thumbnailUrl":"https:\/\/i0.wp.com\/jubile2025-fatima.org\/wp-content\/uploads\/2025\/04\/portement-de-croix-2.jpg?fit=269%2C256&ssl=1","datePublished":"2025-04-02T07:40:10+00:00","dateModified":"2025-04-02T12:25:07+00:00","description":"Meditaciones para los \"Primeros s\u00e1bados de mes \"5 de abril de 2025 , santuario de ND de Casalibus , Grande Chartreuse (Francia)4\u00ba Misterio Doloroso: llevar la cruzFruto del Misterio: perseverancia en las pruebas","breadcrumb":{"@id":"https:\/\/jubile2025-fatima.org\/es\/meditations\/llevar-la-cruz\/#breadcrumb"},"inLanguage":"es","potentialAction":[{"@type":"ReadAction","target":["https:\/\/jubile2025-fatima.org\/es\/meditations\/llevar-la-cruz\/"]}]},{"@type":"ImageObject","inLanguage":"es","@id":"https:\/\/jubile2025-fatima.org\/es\/meditations\/llevar-la-cruz\/#primaryimage","url":"https:\/\/i0.wp.com\/jubile2025-fatima.org\/wp-content\/uploads\/2025\/04\/portement-de-croix-2.jpg?fit=269%2C256&ssl=1","contentUrl":"https:\/\/i0.wp.com\/jubile2025-fatima.org\/wp-content\/uploads\/2025\/04\/portement-de-croix-2.jpg?fit=269%2C256&ssl=1","width":269,"height":256},{"@type":"BreadcrumbList","@id":"https:\/\/jubile2025-fatima.org\/es\/meditations\/llevar-la-cruz\/#breadcrumb","itemListElement":[{"@type":"ListItem","position":1,"name":"Accueil","item":"https:\/\/jubile2025-fatima.org\/es\/"},{"@type":"ListItem","position":2,"name":"M\u00e9ditations","item":"https:\/\/jubile2025-fatima.org\/es\/meditations\/"},{"@type":"ListItem","position":3,"name":"Llevar la cruz"}]},{"@type":"WebSite","@id":"https:\/\/jubile2025-fatima.org\/es\/#website","url":"https:\/\/jubile2025-fatima.org\/es\/","name":"jubile2025-fatima.org","description":"Jubile 2025 Fatima - Alliance les 1ers samedis de de Fatima pour la paix","publisher":{"@id":"https:\/\/jubile2025-fatima.org\/es\/#organization"},"potentialAction":[{"@type":"SearchAction","target":{"@type":"EntryPoint","urlTemplate":"https:\/\/jubile2025-fatima.org\/es\/?s={search_term_string}"},"query-input":{"@type":"PropertyValueSpecification","valueRequired":true,"valueName":"search_term_string"}}],"inLanguage":"es"},{"@type":"Organization","@id":"https:\/\/jubile2025-fatima.org\/es\/#organization","name":"jubile2025-fatima.org","url":"https:\/\/jubile2025-fatima.org\/es\/","logo":{"@type":"ImageObject","inLanguage":"es","@id":"https:\/\/jubile2025-fatima.org\/es\/#\/schema\/logo\/image\/","url":"https:\/\/jubile2025-fatima.org\/wp-content\/uploads\/2024\/12\/2logo-officiel-copie-2.png","contentUrl":"https:\/\/jubile2025-fatima.org\/wp-content\/uploads\/2024\/12\/2logo-officiel-copie-2.png","width":1921,"height":1081,"caption":"jubile2025-fatima.org"},"image":{"@id":"https:\/\/jubile2025-fatima.org\/es\/#\/schema\/logo\/image\/"}}]}},"jetpack_sharing_enabled":true,"_links":{"self":[{"href":"https:\/\/jubile2025-fatima.org\/es\/wp-json\/wp\/v2\/meditation\/6213","targetHints":{"allow":["GET"]}}],"collection":[{"href":"https:\/\/jubile2025-fatima.org\/es\/wp-json\/wp\/v2\/meditation"}],"about":[{"href":"https:\/\/jubile2025-fatima.org\/es\/wp-json\/wp\/v2\/types\/meditation"}],"author":[{"embeddable":true,"href":"https:\/\/jubile2025-fatima.org\/es\/wp-json\/wp\/v2\/users\/2"}],"replies":[{"embeddable":true,"href":"https:\/\/jubile2025-fatima.org\/es\/wp-json\/wp\/v2\/comments?post=6213"}],"version-history":[{"count":1,"href":"https:\/\/jubile2025-fatima.org\/es\/wp-json\/wp\/v2\/meditation\/6213\/revisions"}],"predecessor-version":[{"id":6214,"href":"https:\/\/jubile2025-fatima.org\/es\/wp-json\/wp\/v2\/meditation\/6213\/revisions\/6214"}],"wp:featuredmedia":[{"embeddable":true,"href":"https:\/\/jubile2025-fatima.org\/es\/wp-json\/wp\/v2\/media\/6189"}],"wp:attachment":[{"href":"https:\/\/jubile2025-fatima.org\/es\/wp-json\/wp\/v2\/media?parent=6213"}],"wp:term":[{"taxonomy":"post_tag","embeddable":true,"href":"https:\/\/jubile2025-fatima.org\/es\/wp-json\/wp\/v2\/tags?post=6213"},{"taxonomy":"categorie_meditation","embeddable":true,"href":"https:\/\/jubile2025-fatima.org\/es\/wp-json\/wp\/v2\/categorie_meditation?post=6213"}],"curies":[{"name":"wp","href":"https:\/\/api.w.org\/{rel}","templated":true}]}}