{"id":2579,"date":"2024-12-17T10:40:02","date_gmt":"2024-12-17T10:40:02","guid":{"rendered":"https:\/\/jubile2025-fatima.org\/jubileo-2025\/"},"modified":"2025-11-03T18:48:59","modified_gmt":"2025-11-03T18:48:59","slug":"jubileo-2025","status":"publish","type":"page","link":"https:\/\/jubile2025-fatima.org\/es\/jubileo-2025\/","title":{"rendered":"Jubileo 2025"},"content":{"rendered":"\n<main class=\"wp-block-group has-contrast-3-color has-base-background-color has-text-color has-background has-link-color wp-elements-1f352a9883cc02ce746808d344141fae is-layout-flow wp-container-core-group-is-layout-3815a072 wp-block-group-is-layout-flow\" style=\"margin-top:0;padding-top:0;padding-right:0;padding-bottom:0;padding-left:0\">\n<section class=\"wp-block-group has-gradient-4-gradient-background has-background is-layout-flow wp-block-group-is-layout-flow\">\n<div class=\"wp-block-cover has-contrast-color has-text-color has-link-color wp-elements-718b3f210f376d6647ad113d45e4c9c0\" style=\"min-height:500px;aspect-ratio:unset;\"><img data-recalc-dims=\"1\" decoding=\"async\" width=\"1024\" height=\"576\" sizes=\"(max-width: 799px) 200vw,(max-width: 1920px) 100vw,1920px\" class=\"wp-block-cover__image-background wp-image-5655 size-large\" alt=\"\" src=\"https:\/\/i0.wp.com\/jubile2025-fatima.org\/wp-content\/uploads\/2025\/02\/2logo-officiel-bleu-copie-2-1.png?resize=1024%2C576&#038;ssl=1\" style=\"object-position:0% 20%\" data-object-fit=\"cover\" data-object-position=\"0% 20%\" srcset=\"https:\/\/i0.wp.com\/jubile2025-fatima.org\/wp-content\/uploads\/2025\/02\/2logo-officiel-bleu-copie-2-1.png?resize=1024%2C576&amp;ssl=1 1024w, https:\/\/i0.wp.com\/jubile2025-fatima.org\/wp-content\/uploads\/2025\/02\/2logo-officiel-bleu-copie-2-1.png?resize=300%2C169&amp;ssl=1 300w, https:\/\/i0.wp.com\/jubile2025-fatima.org\/wp-content\/uploads\/2025\/02\/2logo-officiel-bleu-copie-2-1.png?resize=768%2C432&amp;ssl=1 768w, https:\/\/i0.wp.com\/jubile2025-fatima.org\/wp-content\/uploads\/2025\/02\/2logo-officiel-bleu-copie-2-1.png?resize=1536%2C864&amp;ssl=1 1536w, https:\/\/i0.wp.com\/jubile2025-fatima.org\/wp-content\/uploads\/2025\/02\/2logo-officiel-bleu-copie-2-1.png?w=1920&amp;ssl=1 1920w\" \/><span aria-hidden=\"true\" class=\"wp-block-cover__background has-background-dim-0 has-background-dim has-background-gradient has-gradient-4-gradient-background\"><\/span><div class=\"wp-block-cover__inner-container has-global-padding is-layout-constrained wp-block-cover-is-layout-constrained\">\n<h1 class=\"wp-block-heading has-text-align-center\">Jubileo 2025<br>de los <sup>primeros<\/sup> s\u00e1bados de F\u00e1tima<\/h1>\n<\/div><\/div>\n<\/section>\n\n\n\n<section id=\"jubile-monde\" class=\"wp-block-group has-accent-8-background-color has-background has-global-padding is-layout-constrained wp-block-group-is-layout-constrained\" style=\"padding-top:var(--wp--preset--spacing--50);padding-bottom:var(--wp--preset--spacing--50)\">\n<div class=\"wp-block-group has-global-padding is-layout-constrained wp-block-group-is-layout-constrained\">\n<div class=\"wp-block-group has-global-padding is-layout-constrained wp-block-group-is-layout-constrained tw-block-animation tw-animation-fade-in-up\">\n<p class=\"has-text-align-center has-accent-color has-text-color has-link-color has-medium-font-size wp-elements-f8a19b80abaa479fca67d184572a3784\" style=\"font-style:normal;font-weight:700;letter-spacing:2px;text-transform:uppercase\">Programa 2025 en todo el mundo<\/p>\n<\/div>\n\n\n\n<div class=\"wp-block-group has-global-padding is-layout-constrained wp-container-core-group-is-layout-d3dfb2e6 wp-block-group-is-layout-constrained\">\n<h2 class=\"wp-block-heading has-text-align-center\" style=\"text-transform:none\">Todos los<sup>primeros<\/sup> s\u00e1bados de mes eventos en todo el mundo<\/h2>\n<\/div>\n\n\n\n<div class=\"wp-block-group has-global-padding is-layout-constrained wp-block-group-is-layout-constrained\">\n<div class=\"wp-block-group tw-lg-hidden tw-md-hidden tw-sm-hidden has-global-padding is-layout-constrained wp-block-group-is-layout-constrained\">\n<div class=\"wp-block-group tw-lg-hidden tw-md-hidden tw-sm-hidden has-global-padding is-layout-constrained wp-block-group-is-layout-constrained\">\n<div class=\"wp-block-group has-contrast-3-color has-gradient-4-gradient-background has-text-color has-background has-link-color wp-elements-652758d80e848eeff16970e5d0a1f196 has-global-padding is-layout-constrained wp-container-core-group-is-layout-19e250f3 wp-block-group-is-layout-constrained\" style=\"border-radius:18px;box-shadow:5px 5px 10px 2px #0000001a\">\n<div class=\"wp-block-cover has-custom-content-position is-position-bottom-center tw-stretched-link has-aspect-ratio\" style=\"padding-top:0;padding-right:0;padding-bottom:0;padding-left:0;aspect-ratio:16\/9;min-height:unset;\"><img data-recalc-dims=\"1\" decoding=\"async\" width=\"1024\" height=\"548\" sizes=\"(max-width: 799px) 125vw,(max-width: 1190px) 100vw,1190px\" class=\"wp-block-cover__image-background wp-image-10801 size-large\" alt=\"\" src=\"https:\/\/i0.wp.com\/jubile2025-fatima.org\/wp-content\/uploads\/2025\/09\/5fb6651715e9f950f9357168-1799009821.jpg?resize=1024%2C548&#038;ssl=1\" data-object-fit=\"cover\" srcset=\"https:\/\/i0.wp.com\/jubile2025-fatima.org\/wp-content\/uploads\/2025\/09\/5fb6651715e9f950f9357168-1799009821.jpg?resize=1024%2C548&amp;ssl=1 1024w, https:\/\/i0.wp.com\/jubile2025-fatima.org\/wp-content\/uploads\/2025\/09\/5fb6651715e9f950f9357168-1799009821.jpg?resize=300%2C161&amp;ssl=1 300w, https:\/\/i0.wp.com\/jubile2025-fatima.org\/wp-content\/uploads\/2025\/09\/5fb6651715e9f950f9357168-1799009821.jpg?resize=768%2C411&amp;ssl=1 768w, https:\/\/i0.wp.com\/jubile2025-fatima.org\/wp-content\/uploads\/2025\/09\/5fb6651715e9f950f9357168-1799009821.jpg?w=1190&amp;ssl=1 1190w\" \/><span aria-hidden=\"true\" class=\"wp-block-cover__background has-background-dim-10 has-background-dim wp-block-cover__gradient-background has-background-gradient has-gradient-4-gradient-background\"><\/span><div class=\"wp-block-cover__inner-container has-global-padding is-layout-constrained wp-container-core-cover-is-layout-639b5052 wp-block-cover-is-layout-constrained\">\n<div class=\"wp-block-group has-contrast-2-background-color has-background is-vertical is-content-justification-center is-layout-flex wp-container-core-group-is-layout-e5aca62f wp-block-group-is-layout-flex\" style=\"padding-top:5px;padding-right:25px;padding-bottom:5px;padding-left:25px\">\n<p class=\"has-contrast-color has-text-color has-link-color wp-elements-77db6a1ef40be7636feb1c610c61c532\">S\u00e1bado 6 de diciembre<\/p>\n<\/div>\n<\/div><\/div>\n\n\n\n<div class=\"wp-block-group tw-stretched-link is-vertical is-content-justification-center is-layout-flex wp-container-core-group-is-layout-b9f2b1be wp-block-group-is-layout-flex\" style=\"padding-top:15px;padding-right:15px;padding-bottom:15px;padding-left:15px\">\n<p class=\"has-text-align-center has-contrast-color has-text-color has-link-color has-custom-1-font-size wp-elements-735d155d0566e5f848bb4944711e6e6a\">Catedral de Mosc\u00fa<\/p>\n\n\n\n<p class=\"has-accent-color has-text-color has-link-color wp-elements-ae35f36a572f5b09e65eefcde226a2b7\" style=\"line-height:1.2\">Rusia<\/p>\n\n\n\n<p class=\"has-text-align-center has-contrast-color has-text-color has-link-color wp-elements-67693431732a09867f9e0aeded1222eb\">Medit. Coronaci\u00f3n de la Sant\u00edsima Virgen <\/p>\n\n\n\n<div class=\"wp-block-buttons is-layout-flex wp-block-buttons-is-layout-flex\" style=\"margin-top:25px;margin-bottom:25px\">\n<div class=\"wp-block-button\"><a class=\"wp-block-button__link wp-element-button\" href=\"https:\/\/jubile2025-fatima.org\/actualites\/\">Ver las noticias<\/a><\/div>\n<\/div>\n<\/div>\n<\/div>\n<\/div>\n<\/div>\n\n\n\n<div class=\"wp-block-cb-carousel\" data-slick=\"{&quot;slidesToShow&quot;:3,&quot;slidesToScroll&quot;:1,&quot;speed&quot;:300,&quot;arrows&quot;:true,&quot;dots&quot;:true,&quot;autoplay&quot;:true,&quot;autoplaySpeed&quot;:3000,&quot;infinite&quot;:true,&quot;responsive&quot;:[{&quot;breakpoint&quot;:769,&quot;settings&quot;:{&quot;slidesToShow&quot;:1,&quot;slidesToScroll&quot;:1}}]}\">\n<div class=\"wp-block-cb-slide\">\n<div class=\"wp-block-group has-global-padding is-layout-constrained wp-block-group-is-layout-constrained\">\n<div class=\"wp-block-group has-contrast-3-color has-gradient-4-gradient-background has-text-color has-background has-link-color wp-elements-1a8006cbf016104b29451e4ecfac2d36 has-global-padding is-layout-constrained wp-container-core-group-is-layout-19e250f3 wp-block-group-is-layout-constrained\" style=\"border-radius:18px;box-shadow:5px 5px 10px 2px #0000001a\">\n<div class=\"wp-block-cover has-custom-content-position is-position-bottom-center tw-stretched-link has-aspect-ratio\" style=\"padding-top:0;padding-right:0;padding-bottom:0;padding-left:0;aspect-ratio:16\/9;min-height:unset;\"><img data-recalc-dims=\"1\" decoding=\"async\" width=\"1920\" height=\"1073\" sizes=\"(max-width: 799px) 125vw,(max-width: 1920px) 100vw,1920px\" class=\"wp-block-cover__image-background wp-image-337\" alt=\"\" src=\"https:\/\/i0.wp.com\/jubile2025-fatima.org\/wp-content\/uploads\/2024\/12\/80681222.jpeg?resize=1920%2C1073&#038;ssl=1\" data-object-fit=\"cover\" srcset=\"https:\/\/i0.wp.com\/jubile2025-fatima.org\/wp-content\/uploads\/2024\/12\/80681222.jpeg?w=1920&amp;ssl=1 1920w, https:\/\/i0.wp.com\/jubile2025-fatima.org\/wp-content\/uploads\/2024\/12\/80681222.jpeg?resize=300%2C168&amp;ssl=1 300w, https:\/\/i0.wp.com\/jubile2025-fatima.org\/wp-content\/uploads\/2024\/12\/80681222.jpeg?resize=1024%2C572&amp;ssl=1 1024w, https:\/\/i0.wp.com\/jubile2025-fatima.org\/wp-content\/uploads\/2024\/12\/80681222.jpeg?resize=768%2C429&amp;ssl=1 768w, https:\/\/i0.wp.com\/jubile2025-fatima.org\/wp-content\/uploads\/2024\/12\/80681222.jpeg?resize=1536%2C858&amp;ssl=1 1536w\" \/><span aria-hidden=\"true\" class=\"wp-block-cover__background has-background-dim-10 has-background-dim wp-block-cover__gradient-background has-background-gradient has-gradient-4-gradient-background\"><\/span><div class=\"wp-block-cover__inner-container has-global-padding is-layout-constrained wp-container-core-cover-is-layout-639b5052 wp-block-cover-is-layout-constrained\">\n<div class=\"wp-block-group has-contrast-2-background-color has-background is-vertical is-content-justification-center is-layout-flex wp-container-core-group-is-layout-e5aca62f wp-block-group-is-layout-flex\" style=\"padding-top:5px;padding-right:25px;padding-bottom:5px;padding-left:25px\">\n<p class=\"has-contrast-color has-text-color has-link-color wp-elements-77db6a1ef40be7636feb1c610c61c532\">S\u00e1bado 6 de diciembre<\/p>\n<\/div>\n<\/div><\/div>\n\n\n\n<div class=\"wp-block-group tw-stretched-link is-vertical is-content-justification-center is-layout-flex wp-container-core-group-is-layout-b9f2b1be wp-block-group-is-layout-flex\" style=\"padding-top:15px;padding-right:15px;padding-bottom:15px;padding-left:15px\">\n<p class=\"has-text-align-center has-contrast-color has-text-color has-link-color has-custom-1-font-size wp-elements-7ae1c3ff33547a0e0c7e60bdb74edb7d\">F\u00e1tima<\/p>\n\n\n\n<p class=\"has-accent-color has-text-color has-link-color wp-elements-cca64316e351171c72da54b853a22099\" style=\"line-height:1.2\">Portugal<\/p>\n\n\n\n<p class=\"has-text-align-center has-contrast-color has-text-color has-link-color wp-elements-67693431732a09867f9e0aeded1222eb\">Medit. Coronaci\u00f3n de la Sant\u00edsima Virgen <\/p>\n\n\n\n<div class=\"wp-block-buttons is-layout-flex wp-block-buttons-is-layout-flex\" style=\"margin-top:25px;margin-bottom:25px\">\n<div class=\"wp-block-button\"><a class=\"wp-block-button__link wp-element-button\" href=\"https:\/\/jubile2025-fatima.org\/actualites\/\">Ver las noticias<\/a><\/div>\n<\/div>\n<\/div>\n<\/div>\n<\/div>\n<\/div>\n\n\n\n<div class=\"wp-block-cb-slide\">\n<div class=\"wp-block-group has-global-padding is-layout-constrained wp-block-group-is-layout-constrained\">\n<div class=\"wp-block-group has-contrast-3-color has-gradient-4-gradient-background has-text-color has-background has-link-color wp-elements-0af3752c4c48d308cd6412ba7cd655bb has-global-padding is-layout-constrained wp-container-core-group-is-layout-19e250f3 wp-block-group-is-layout-constrained\" style=\"border-radius:18px;box-shadow:5px 5px 10px 2px #0000001a\">\n<div class=\"wp-block-cover has-custom-content-position is-position-bottom-center tw-stretched-link has-aspect-ratio\" style=\"padding-top:0;padding-right:0;padding-bottom:0;padding-left:0;aspect-ratio:16\/9;min-height:unset;\"><img data-recalc-dims=\"1\" decoding=\"async\" width=\"683\" height=\"511\" sizes=\"(max-width: 799px) 125vw,(max-width: 683px) 100vw,683px\" class=\"wp-block-cover__image-background wp-image-12024 size-full\" alt=\"\" src=\"https:\/\/i0.wp.com\/jubile2025-fatima.org\/wp-content\/uploads\/2025\/10\/photo_6050948964439231405_x.jpg?resize=683%2C511&#038;ssl=1\" data-object-fit=\"cover\" srcset=\"https:\/\/i0.wp.com\/jubile2025-fatima.org\/wp-content\/uploads\/2025\/10\/photo_6050948964439231405_x.jpg?w=683&amp;ssl=1 683w, https:\/\/i0.wp.com\/jubile2025-fatima.org\/wp-content\/uploads\/2025\/10\/photo_6050948964439231405_x.jpg?resize=300%2C224&amp;ssl=1 300w\" \/><span aria-hidden=\"true\" class=\"wp-block-cover__background has-background-dim-0 has-background-dim has-background-gradient has-gradient-4-gradient-background\"><\/span><div class=\"wp-block-cover__inner-container has-global-padding is-layout-constrained wp-container-core-cover-is-layout-639b5052 wp-block-cover-is-layout-constrained\">\n<div class=\"wp-block-group has-contrast-2-background-color has-background is-vertical is-content-justification-center is-layout-flex wp-container-core-group-is-layout-e5aca62f wp-block-group-is-layout-flex\" style=\"padding-top:5px;padding-right:25px;padding-bottom:5px;padding-left:25px\">\n<p class=\"has-contrast-color has-text-color has-link-color wp-elements-5b493dc2ce165cca1915261cc1d58a4c\">S\u00e1bado 1 de noviembre<\/p>\n<\/div>\n<\/div><\/div>\n\n\n\n<div class=\"wp-block-group tw-stretched-link is-vertical is-content-justification-center is-layout-flex wp-container-core-group-is-layout-b9f2b1be wp-block-group-is-layout-flex\" style=\"padding-top:15px;padding-right:15px;padding-bottom:15px;padding-left:15px\">\n<p class=\"has-text-align-center has-contrast-color has-text-color has-link-color has-custom-1-font-size wp-elements-56a83271ac065fdde974ea00668589d8\">Conception de Nuestra Se\u00f1ora<\/p>\n\n\n\n<p class=\"has-accent-color has-text-color has-link-color wp-elements-8edc28a59382b55c3c427a0f90ce79d7\" style=\"line-height:1.2\">Madrid<\/p>\n\n\n\n<p class=\"has-text-align-center has-contrast-color has-text-color has-link-color wp-elements-243a41a93c43ebf66e67fa7ede9e4fb2\">Meditaci\u00f3n: La crucifixi\u00f3n<\/p>\n\n\n\n<div class=\"wp-block-buttons is-layout-flex wp-block-buttons-is-layout-flex\" style=\"margin-top:25px;margin-bottom:25px\">\n<div class=\"wp-block-button\"><a class=\"wp-block-button__link wp-element-button\" href=\"https:\/\/jubile2025-fatima.org\/actualites\/\">Ver las noticias<\/a><\/div>\n<\/div>\n<\/div>\n<\/div>\n<\/div>\n<\/div>\n\n\n\n<div class=\"wp-block-cb-slide\">\n<div class=\"wp-block-group has-global-padding is-layout-constrained wp-block-group-is-layout-constrained\">\n<div class=\"wp-block-group has-contrast-3-color has-gradient-4-gradient-background has-text-color has-background has-link-color wp-elements-c8a9c71885ea357e80934d9a8223ec86 has-global-padding is-layout-constrained wp-container-core-group-is-layout-19e250f3 wp-block-group-is-layout-constrained\" style=\"border-radius:18px;box-shadow:5px 5px 10px 2px #0000001a\">\n<div class=\"wp-block-cover has-custom-content-position is-position-bottom-center tw-stretched-link has-aspect-ratio\" style=\"padding-top:0;padding-right:0;padding-bottom:0;padding-left:0;aspect-ratio:16\/9;min-height:unset;\"><img data-recalc-dims=\"1\" decoding=\"async\" width=\"992\" height=\"534\" sizes=\"(max-width: 799px) 125vw,(max-width: 992px) 100vw,992px\" class=\"wp-block-cover__image-background wp-image-10808 size-full\" alt=\"\" src=\"https:\/\/i0.wp.com\/jubile2025-fatima.org\/wp-content\/uploads\/2025\/09\/376491_OwgOvbI1DMun1mb3_98166-824199234.jpg?resize=992%2C534&#038;ssl=1\" data-object-fit=\"cover\" srcset=\"https:\/\/i0.wp.com\/jubile2025-fatima.org\/wp-content\/uploads\/2025\/09\/376491_OwgOvbI1DMun1mb3_98166-824199234.jpg?w=992&amp;ssl=1 992w, https:\/\/i0.wp.com\/jubile2025-fatima.org\/wp-content\/uploads\/2025\/09\/376491_OwgOvbI1DMun1mb3_98166-824199234.jpg?resize=300%2C161&amp;ssl=1 300w, https:\/\/i0.wp.com\/jubile2025-fatima.org\/wp-content\/uploads\/2025\/09\/376491_OwgOvbI1DMun1mb3_98166-824199234.jpg?resize=768%2C413&amp;ssl=1 768w\" \/><span aria-hidden=\"true\" class=\"wp-block-cover__background has-background-dim-0 has-background-dim has-background-gradient has-gradient-4-gradient-background\"><\/span><div class=\"wp-block-cover__inner-container has-global-padding is-layout-constrained wp-container-core-cover-is-layout-639b5052 wp-block-cover-is-layout-constrained\">\n<div class=\"wp-block-group has-contrast-2-background-color has-background is-vertical is-content-justification-center is-layout-flex wp-container-core-group-is-layout-e5aca62f wp-block-group-is-layout-flex\" style=\"padding-top:5px;padding-right:25px;padding-bottom:5px;padding-left:25px\">\n<p class=\"has-contrast-color has-text-color has-link-color wp-elements-5b493dc2ce165cca1915261cc1d58a4c\">S\u00e1bado 1 de noviembre<\/p>\n<\/div>\n<\/div><\/div>\n\n\n\n<div class=\"wp-block-group tw-stretched-link is-vertical is-content-justification-center is-layout-flex wp-container-core-group-is-layout-b9f2b1be wp-block-group-is-layout-flex\" style=\"padding-top:15px;padding-right:15px;padding-bottom:15px;padding-left:15px\">\n<p class=\"has-text-align-center has-contrast-color has-text-color has-link-color has-custom-1-font-size wp-elements-573056090615c70a66b4c8830955dcb5\">Santuarios en Sudam\u00e9rica<\/p>\n\n\n\n<p class=\"has-text-align-center has-accent-color has-text-color has-link-color wp-elements-cb900036aba8157f38f9b3e1cb108342\" style=\"line-height:1.2\">Argentina, Honduras<\/p>\n\n\n\n<p class=\"has-text-align-center has-contrast-color has-text-color has-link-color wp-elements-243a41a93c43ebf66e67fa7ede9e4fb2\">Meditaci\u00f3n: La crucifixi\u00f3n<\/p>\n\n\n\n<div class=\"wp-block-buttons is-layout-flex wp-block-buttons-is-layout-flex\" style=\"margin-top:25px;margin-bottom:25px\">\n<div class=\"wp-block-button\"><a class=\"wp-block-button__link wp-element-button\" href=\"https:\/\/jubile2025-fatima.org\/actualites\/\">Ver las noticias<\/a><\/div>\n<\/div>\n<\/div>\n<\/div>\n<\/div>\n<\/div>\n\n\n\n<div class=\"wp-block-cb-slide\">\n<div class=\"wp-block-group has-global-padding is-layout-constrained wp-block-group-is-layout-constrained\">\n<div class=\"wp-block-group has-contrast-3-color has-gradient-4-gradient-background has-text-color has-background has-link-color wp-elements-4396a3f8b16692eaac2fb77a119c26f3 has-global-padding is-layout-constrained wp-container-core-group-is-layout-19e250f3 wp-block-group-is-layout-constrained\" style=\"border-radius:18px;box-shadow:5px 5px 10px 2px #0000001a\">\n<div class=\"wp-block-cover is-light has-custom-content-position is-position-bottom-center tw-stretched-link has-aspect-ratio\" style=\"padding-top:0;padding-right:0;padding-bottom:0;padding-left:0;aspect-ratio:16\/9;min-height:unset;\"><img data-recalc-dims=\"1\" decoding=\"async\" width=\"621\" height=\"329\" sizes=\"(max-width: 799px) 125vw,(max-width: 621px) 100vw,621px\" class=\"wp-block-cover__image-background wp-image-10728 size-full\" alt=\"\" src=\"https:\/\/i0.wp.com\/jubile2025-fatima.org\/wp-content\/uploads\/2025\/09\/basilique-antique-de-notre-mary-de-guadalupe-mexico-31975592-795060223.jpg?resize=621%2C329&#038;ssl=1\" data-object-fit=\"cover\" srcset=\"https:\/\/i0.wp.com\/jubile2025-fatima.org\/wp-content\/uploads\/2025\/09\/basilique-antique-de-notre-mary-de-guadalupe-mexico-31975592-795060223.jpg?w=621&amp;ssl=1 621w, https:\/\/i0.wp.com\/jubile2025-fatima.org\/wp-content\/uploads\/2025\/09\/basilique-antique-de-notre-mary-de-guadalupe-mexico-31975592-795060223.jpg?resize=300%2C159&amp;ssl=1 300w\" \/><span aria-hidden=\"true\" class=\"wp-block-cover__background has-background-dim-0 has-background-dim has-background-gradient has-gradient-4-gradient-background\"><\/span><div class=\"wp-block-cover__inner-container has-global-padding is-layout-constrained wp-container-core-cover-is-layout-639b5052 wp-block-cover-is-layout-constrained\">\n<div class=\"wp-block-group has-contrast-2-background-color has-background is-vertical is-content-justification-center is-layout-flex wp-container-core-group-is-layout-e5aca62f wp-block-group-is-layout-flex\" style=\"padding-top:5px;padding-right:25px;padding-bottom:5px;padding-left:25px\">\n<p class=\"has-contrast-color has-text-color has-link-color wp-elements-5b493dc2ce165cca1915261cc1d58a4c\">S\u00e1bado 1 de noviembre<\/p>\n<\/div>\n<\/div><\/div>\n\n\n\n<div class=\"wp-block-group tw-stretched-link is-vertical is-content-justification-center is-layout-flex wp-container-core-group-is-layout-b9f2b1be wp-block-group-is-layout-flex\" style=\"padding-top:15px;padding-right:15px;padding-bottom:15px;padding-left:15px\">\n<p class=\"has-text-align-center has-contrast-color has-text-color has-link-color has-custom-1-font-size wp-elements-f96d3ec3b36277a43856c44fd35178be\">Nuestra Se\u00f1ora de Guadalupe<\/p>\n\n\n\n<p class=\"has-accent-color has-text-color has-link-color wp-elements-2149cdd46f95ef7b3720295b6f1bf84d\" style=\"line-height:1.2\">M\u00e9xico<\/p>\n\n\n\n<p class=\"has-text-align-center has-contrast-color has-text-color has-link-color wp-elements-243a41a93c43ebf66e67fa7ede9e4fb2\">Meditaci\u00f3n: La crucifixi\u00f3n<\/p>\n\n\n\n<div class=\"wp-block-buttons is-layout-flex wp-block-buttons-is-layout-flex\" style=\"margin-top:25px;margin-bottom:25px\">\n<div class=\"wp-block-button\"><a class=\"wp-block-button__link wp-element-button\" href=\"https:\/\/jubile2025-fatima.org\/actualites\/\">Ver las noticias<\/a><\/div>\n<\/div>\n<\/div>\n<\/div>\n<\/div>\n<\/div>\n\n\n\n<div class=\"wp-block-cb-slide\">\n<div class=\"wp-block-group has-global-padding is-layout-constrained wp-block-group-is-layout-constrained\">\n<div class=\"wp-block-group has-contrast-3-color has-gradient-4-gradient-background has-text-color has-background has-link-color wp-elements-0aca6fae1cab0e27a52dd0fefd75bf63 has-global-padding is-layout-constrained wp-container-core-group-is-layout-19e250f3 wp-block-group-is-layout-constrained\" style=\"border-radius:18px;box-shadow:5px 5px 10px 2px #0000001a\">\n<div class=\"wp-block-cover is-light has-custom-content-position is-position-bottom-center tw-stretched-link has-aspect-ratio\" style=\"padding-top:0;padding-right:0;padding-bottom:0;padding-left:0;aspect-ratio:16\/9;min-height:unset;\"><img data-recalc-dims=\"1\" decoding=\"async\" width=\"471\" height=\"247\" sizes=\"(max-width: 799px) 125vw,(max-width: 471px) 100vw,471px\" class=\"wp-block-cover__image-background wp-image-10742 size-full\" alt=\"\" src=\"https:\/\/i0.wp.com\/jubile2025-fatima.org\/wp-content\/uploads\/2025\/09\/OIP-3659880677.jpg?resize=471%2C247&#038;ssl=1\" data-object-fit=\"cover\" srcset=\"https:\/\/i0.wp.com\/jubile2025-fatima.org\/wp-content\/uploads\/2025\/09\/OIP-3659880677.jpg?w=471&amp;ssl=1 471w, https:\/\/i0.wp.com\/jubile2025-fatima.org\/wp-content\/uploads\/2025\/09\/OIP-3659880677.jpg?resize=300%2C157&amp;ssl=1 300w\" \/><span aria-hidden=\"true\" class=\"wp-block-cover__background has-background-dim-10 has-background-dim wp-block-cover__gradient-background has-background-gradient has-gradient-4-gradient-background\"><\/span><div class=\"wp-block-cover__inner-container has-global-padding is-layout-constrained wp-container-core-cover-is-layout-639b5052 wp-block-cover-is-layout-constrained\">\n<div class=\"wp-block-group has-contrast-2-background-color has-background is-vertical is-content-justification-center is-layout-flex wp-container-core-group-is-layout-e5aca62f wp-block-group-is-layout-flex\" style=\"padding-top:5px;padding-right:25px;padding-bottom:5px;padding-left:25px\">\n<p class=\"has-contrast-color has-text-color has-link-color wp-elements-1b59492809d232221d259ad60bd74ad6\">S\u00e1bado 4 de octubre<\/p>\n<\/div>\n<\/div><\/div>\n\n\n\n<div class=\"wp-block-group tw-stretched-link is-vertical is-content-justification-center is-layout-flex wp-container-core-group-is-layout-b9f2b1be wp-block-group-is-layout-flex\" style=\"padding-top:15px;padding-right:15px;padding-bottom:15px;padding-left:15px\">\n<p class=\"has-text-align-center has-contrast-color has-text-color has-link-color has-custom-1-font-size wp-elements-e388850b80d866d0ab417b48142eed43\">Notre Dame de Par\u00eds<\/p>\n\n\n\n<p class=\"has-accent-color has-text-color has-link-color wp-elements-527b1e377450fb5bb06ed20c680e5e4e\" style=\"line-height:1.2\">Francia<\/p>\n\n\n\n<p class=\"has-text-align-center has-contrast-color has-text-color has-link-color wp-elements-5c57ad9bc2d7b5a25df4fffafbb2ec7e\">Meditaci\u00f3n: Instituci\u00f3n de la Eucarist\u00eda<\/p>\n\n\n\n<div class=\"wp-block-buttons is-layout-flex wp-block-buttons-is-layout-flex\" style=\"margin-top:25px;margin-bottom:25px\">\n<div class=\"wp-block-button\"><a class=\"wp-block-button__link wp-element-button\" href=\"https:\/\/jubile2025-fatima.org\/actualites\/\">Ver las noticias<\/a><\/div>\n<\/div>\n<\/div>\n<\/div>\n<\/div>\n<\/div>\n\n\n\n<div class=\"wp-block-cb-slide\">\n<div class=\"wp-block-group has-global-padding is-layout-constrained wp-block-group-is-layout-constrained\">\n<div class=\"wp-block-group has-contrast-3-color has-gradient-4-gradient-background has-text-color has-background has-link-color wp-elements-31783d157a5cd61511bd4835a82258ec has-global-padding is-layout-constrained wp-container-core-group-is-layout-19e250f3 wp-block-group-is-layout-constrained\" style=\"border-radius:18px;box-shadow:5px 5px 10px 2px #0000001a\">\n<div class=\"wp-block-cover has-custom-content-position is-position-bottom-center tw-stretched-link has-aspect-ratio\" style=\"padding-top:0;padding-right:0;padding-bottom:0;padding-left:0;aspect-ratio:16\/9;min-height:unset;\"><img data-recalc-dims=\"1\" decoding=\"async\" width=\"1800\" height=\"1000\" sizes=\"(max-width: 799px) 125vw,(max-width: 1800px) 100vw,1800px\" class=\"wp-block-cover__image-background wp-image-6191\" alt=\"\" src=\"https:\/\/i0.wp.com\/jubile2025-fatima.org\/wp-content\/uploads\/2025\/04\/bettburnn.jpg?resize=1800%2C1000&#038;ssl=1\" data-object-fit=\"cover\" srcset=\"https:\/\/i0.wp.com\/jubile2025-fatima.org\/wp-content\/uploads\/2025\/04\/bettburnn.jpg?w=1800&amp;ssl=1 1800w, https:\/\/i0.wp.com\/jubile2025-fatima.org\/wp-content\/uploads\/2025\/04\/bettburnn.jpg?resize=300%2C167&amp;ssl=1 300w, https:\/\/i0.wp.com\/jubile2025-fatima.org\/wp-content\/uploads\/2025\/04\/bettburnn.jpg?resize=1024%2C569&amp;ssl=1 1024w, https:\/\/i0.wp.com\/jubile2025-fatima.org\/wp-content\/uploads\/2025\/04\/bettburnn.jpg?resize=768%2C427&amp;ssl=1 768w, https:\/\/i0.wp.com\/jubile2025-fatima.org\/wp-content\/uploads\/2025\/04\/bettburnn.jpg?resize=1536%2C853&amp;ssl=1 1536w\" \/><span aria-hidden=\"true\" class=\"wp-block-cover__background has-background-dim-10 has-background-dim wp-block-cover__gradient-background has-background-gradient has-gradient-4-gradient-background\"><\/span><div class=\"wp-block-cover__inner-container has-global-padding is-layout-constrained wp-container-core-cover-is-layout-639b5052 wp-block-cover-is-layout-constrained\">\n<div class=\"wp-block-group has-contrast-2-background-color has-background is-vertical is-content-justification-center is-layout-flex wp-container-core-group-is-layout-e5aca62f wp-block-group-is-layout-flex\" style=\"padding-top:5px;padding-right:25px;padding-bottom:5px;padding-left:25px\">\n<p class=\"has-contrast-color has-text-color has-link-color wp-elements-1b59492809d232221d259ad60bd74ad6\">S\u00e1bado 4 de octubre<\/p>\n<\/div>\n<\/div><\/div>\n\n\n\n<div class=\"wp-block-group tw-stretched-link is-vertical is-content-justification-center is-layout-flex wp-container-core-group-is-layout-b9f2b1be wp-block-group-is-layout-flex\" style=\"padding-top:15px;padding-right:15px;padding-bottom:15px;padding-left:15px\">\n<p class=\"has-text-align-center has-contrast-color has-text-color has-link-color has-custom-1-font-size wp-elements-4727dcce60faada31bc07a7dbc3643b7\">Santuario de Bettbrunn<\/p>\n\n\n\n<p class=\"has-accent-color has-text-color has-link-color wp-elements-964bf4ed9da235b89815fc71134fd46c\" style=\"line-height:1.2\">Alemania<\/p>\n\n\n\n<p class=\"has-text-align-center has-contrast-color has-text-color has-link-color wp-elements-5c57ad9bc2d7b5a25df4fffafbb2ec7e\">Meditaci\u00f3n: Instituci\u00f3n de la Eucarist\u00eda<\/p>\n\n\n\n<div class=\"wp-block-buttons is-layout-flex wp-block-buttons-is-layout-flex\" style=\"margin-top:25px;margin-bottom:25px\">\n<div class=\"wp-block-button\"><a class=\"wp-block-button__link wp-element-button\" href=\"https:\/\/jubile2025-fatima.org\/actualites\/\">Ver las noticias<\/a><\/div>\n<\/div>\n<\/div>\n<\/div>\n<\/div>\n<\/div>\n\n\n\n<div class=\"wp-block-cb-slide\">\n<div class=\"wp-block-group has-global-padding is-layout-constrained wp-block-group-is-layout-constrained\">\n<div class=\"wp-block-group has-contrast-3-color has-gradient-4-gradient-background has-text-color has-background has-link-color wp-elements-0dcc3ef5d04470a221a3762284403c19 has-global-padding is-layout-constrained wp-container-core-group-is-layout-19e250f3 wp-block-group-is-layout-constrained\" style=\"border-radius:18px;box-shadow:5px 5px 10px 2px #0000001a\">\n<div class=\"wp-block-cover is-light has-custom-content-position is-position-bottom-center tw-stretched-link has-aspect-ratio\" style=\"padding-top:0;padding-right:0;padding-bottom:0;padding-left:0;aspect-ratio:16\/9;min-height:unset;\"><img data-recalc-dims=\"1\" decoding=\"async\" width=\"474\" height=\"211\" sizes=\"(max-width: 799px) 125vw,(max-width: 474px) 100vw,474px\" class=\"wp-block-cover__image-background wp-image-10822 size-full\" alt=\"\" src=\"https:\/\/i0.wp.com\/jubile2025-fatima.org\/wp-content\/uploads\/2025\/09\/OIP-64590997.jpg?resize=474%2C211&#038;ssl=1\" style=\"object-position:65% 27%\" data-object-fit=\"cover\" data-object-position=\"65% 27%\" srcset=\"https:\/\/i0.wp.com\/jubile2025-fatima.org\/wp-content\/uploads\/2025\/09\/OIP-64590997.jpg?w=474&amp;ssl=1 474w, https:\/\/i0.wp.com\/jubile2025-fatima.org\/wp-content\/uploads\/2025\/09\/OIP-64590997.jpg?resize=300%2C134&amp;ssl=1 300w\" \/><span aria-hidden=\"true\" class=\"wp-block-cover__background has-background-dim-10 has-background-dim wp-block-cover__gradient-background has-background-gradient has-gradient-4-gradient-background\"><\/span><div class=\"wp-block-cover__inner-container has-global-padding is-layout-constrained wp-container-core-cover-is-layout-639b5052 wp-block-cover-is-layout-constrained\">\n<div class=\"wp-block-group has-contrast-2-background-color has-background is-vertical is-content-justification-center is-layout-flex wp-container-core-group-is-layout-e5aca62f wp-block-group-is-layout-flex\" style=\"padding-top:5px;padding-right:25px;padding-bottom:5px;padding-left:25px\">\n<p class=\"has-contrast-color has-text-color has-link-color wp-elements-1b59492809d232221d259ad60bd74ad6\">S\u00e1bado 4 de octubre<\/p>\n<\/div>\n<\/div><\/div>\n\n\n\n<div class=\"wp-block-group tw-stretched-link is-vertical is-content-justification-center is-layout-flex wp-container-core-group-is-layout-b9f2b1be wp-block-group-is-layout-flex\" style=\"padding-top:15px;padding-right:15px;padding-bottom:15px;padding-left:15px\">\n<p class=\"has-text-align-center has-contrast-color has-text-color has-link-color has-custom-1-font-size wp-elements-9e2bd37d2c8ceef0d15b01bff2fa0d51\">Santuario de Cotignac<\/p>\n\n\n\n<p class=\"has-accent-color has-text-color has-link-color wp-elements-527b1e377450fb5bb06ed20c680e5e4e\" style=\"line-height:1.2\">Francia<\/p>\n\n\n\n<p class=\"has-text-align-center has-contrast-color has-text-color has-link-color wp-elements-5c57ad9bc2d7b5a25df4fffafbb2ec7e\">Meditaci\u00f3n: Instituci\u00f3n de la Eucarist\u00eda<\/p>\n\n\n\n<div class=\"wp-block-buttons is-layout-flex wp-block-buttons-is-layout-flex\" style=\"margin-top:25px;margin-bottom:25px\">\n<div class=\"wp-block-button\"><a class=\"wp-block-button__link wp-element-button\" href=\"https:\/\/jubile2025-fatima.org\/actualites\/\">Ver las noticias<\/a><\/div>\n<\/div>\n<\/div>\n<\/div>\n<\/div>\n<\/div>\n\n\n\n<div class=\"wp-block-cb-slide\">\n<div class=\"wp-block-group has-global-padding is-layout-constrained wp-block-group-is-layout-constrained\">\n<div class=\"wp-block-group has-contrast-3-color has-gradient-4-gradient-background has-text-color has-background has-link-color wp-elements-ba272bbc4ac0717a213a1c114a4de51c has-global-padding is-layout-constrained wp-container-core-group-is-layout-19e250f3 wp-block-group-is-layout-constrained\" style=\"border-radius:18px;box-shadow:5px 5px 10px 2px #0000001a\">\n<div class=\"wp-block-cover has-custom-content-position is-position-bottom-center tw-stretched-link has-aspect-ratio\" style=\"padding-top:0;padding-right:0;padding-bottom:0;padding-left:0;aspect-ratio:16\/9;min-height:unset;\"><img data-recalc-dims=\"1\" decoding=\"async\" width=\"1024\" height=\"541\" sizes=\"(max-width: 799px) 125vw,(max-width: 1470px) 100vw,1470px\" class=\"wp-block-cover__image-background wp-image-10735 size-large\" alt=\"\" src=\"https:\/\/i0.wp.com\/jubile2025-fatima.org\/wp-content\/uploads\/2025\/09\/FSSP_Fribourg_2017_1-1606813371.jpg?resize=1024%2C541&#038;ssl=1\" data-object-fit=\"cover\" srcset=\"https:\/\/i0.wp.com\/jubile2025-fatima.org\/wp-content\/uploads\/2025\/09\/FSSP_Fribourg_2017_1-1606813371.jpg?resize=1024%2C541&amp;ssl=1 1024w, https:\/\/i0.wp.com\/jubile2025-fatima.org\/wp-content\/uploads\/2025\/09\/FSSP_Fribourg_2017_1-1606813371.jpg?resize=300%2C159&amp;ssl=1 300w, https:\/\/i0.wp.com\/jubile2025-fatima.org\/wp-content\/uploads\/2025\/09\/FSSP_Fribourg_2017_1-1606813371.jpg?resize=768%2C406&amp;ssl=1 768w, https:\/\/i0.wp.com\/jubile2025-fatima.org\/wp-content\/uploads\/2025\/09\/FSSP_Fribourg_2017_1-1606813371.jpg?w=1470&amp;ssl=1 1470w\" \/><span aria-hidden=\"true\" class=\"wp-block-cover__background has-background-dim-10 has-background-dim wp-block-cover__gradient-background has-background-gradient has-gradient-4-gradient-background\"><\/span><div class=\"wp-block-cover__inner-container has-global-padding is-layout-constrained wp-container-core-cover-is-layout-639b5052 wp-block-cover-is-layout-constrained\">\n<div class=\"wp-block-group has-contrast-2-background-color has-background is-vertical is-content-justification-center is-layout-flex wp-container-core-group-is-layout-e5aca62f wp-block-group-is-layout-flex\" style=\"padding-top:5px;padding-right:25px;padding-bottom:5px;padding-left:25px\">\n<p class=\"has-contrast-color has-text-color has-link-color wp-elements-1b59492809d232221d259ad60bd74ad6\">S\u00e1bado 4 de octubre<\/p>\n<\/div>\n<\/div><\/div>\n\n\n\n<div class=\"wp-block-group tw-stretched-link is-vertical is-content-justification-center is-layout-flex wp-container-core-group-is-layout-b9f2b1be wp-block-group-is-layout-flex\" style=\"padding-top:15px;padding-right:15px;padding-bottom:15px;padding-left:15px\">\n<p class=\"has-text-align-center has-contrast-color has-text-color has-link-color has-custom-1-font-size wp-elements-a0e38dae5bdf14b70fbd983fbff9e07d\">Bas\u00edlica de Notre Dame<\/p>\n\n\n\n<p class=\"has-accent-color has-text-color has-link-color wp-elements-b6e6dc40b8770b50dfef594fc4680a3e\" style=\"line-height:1.2\">Suiza (Friburgo)<\/p>\n\n\n\n<p class=\"has-text-align-center has-contrast-color has-text-color has-link-color wp-elements-5c57ad9bc2d7b5a25df4fffafbb2ec7e\">Meditaci\u00f3n: Instituci\u00f3n de la Eucarist\u00eda<\/p>\n\n\n\n<div class=\"wp-block-buttons is-layout-flex wp-block-buttons-is-layout-flex\" style=\"margin-top:25px;margin-bottom:25px\">\n<div class=\"wp-block-button\"><a class=\"wp-block-button__link wp-element-button\" href=\"https:\/\/jubile2025-fatima.org\/actualites\/\">Ver las noticias<\/a><\/div>\n<\/div>\n<\/div>\n<\/div>\n<\/div>\n<\/div>\n\n\n\n<div class=\"wp-block-cb-slide\">\n<div class=\"wp-block-group has-global-padding is-layout-constrained wp-block-group-is-layout-constrained\">\n<div class=\"wp-block-group has-contrast-3-color has-gradient-4-gradient-background has-text-color has-background has-link-color wp-elements-7864b5512737e3c65924542f9516b048 has-global-padding is-layout-constrained wp-container-core-group-is-layout-19e250f3 wp-block-group-is-layout-constrained\" style=\"border-radius:18px;box-shadow:5px 5px 10px 2px #0000001a\">\n<div class=\"wp-block-cover is-light has-custom-content-position is-position-bottom-center tw-stretched-link has-aspect-ratio\" style=\"padding-top:0;padding-right:0;padding-bottom:0;padding-left:0;aspect-ratio:16\/9;min-height:unset;\"><img data-recalc-dims=\"1\" decoding=\"async\" width=\"1920\" height=\"1280\" sizes=\"(max-width: 799px) 125vw,(max-width: 1920px) 100vw,1920px\" class=\"wp-block-cover__image-background wp-image-3820\" alt=\"\" src=\"https:\/\/i0.wp.com\/jubile2025-fatima.org\/wp-content\/uploads\/2025\/02\/our-lady-of-la-salette-7491125.jpg?resize=1920%2C1280&#038;ssl=1\" data-object-fit=\"cover\" srcset=\"https:\/\/i0.wp.com\/jubile2025-fatima.org\/wp-content\/uploads\/2025\/02\/our-lady-of-la-salette-7491125.jpg?w=1920&amp;ssl=1 1920w, https:\/\/i0.wp.com\/jubile2025-fatima.org\/wp-content\/uploads\/2025\/02\/our-lady-of-la-salette-7491125.jpg?resize=300%2C200&amp;ssl=1 300w, https:\/\/i0.wp.com\/jubile2025-fatima.org\/wp-content\/uploads\/2025\/02\/our-lady-of-la-salette-7491125.jpg?resize=1024%2C683&amp;ssl=1 1024w, https:\/\/i0.wp.com\/jubile2025-fatima.org\/wp-content\/uploads\/2025\/02\/our-lady-of-la-salette-7491125.jpg?resize=768%2C512&amp;ssl=1 768w, https:\/\/i0.wp.com\/jubile2025-fatima.org\/wp-content\/uploads\/2025\/02\/our-lady-of-la-salette-7491125.jpg?resize=1536%2C1024&amp;ssl=1 1536w\" \/><span aria-hidden=\"true\" class=\"wp-block-cover__background has-background-dim-10 has-background-dim wp-block-cover__gradient-background has-background-gradient has-gradient-4-gradient-background\"><\/span><div class=\"wp-block-cover__inner-container has-global-padding is-layout-constrained wp-container-core-cover-is-layout-639b5052 wp-block-cover-is-layout-constrained\">\n<div class=\"wp-block-group has-contrast-2-background-color has-background is-vertical is-content-justification-center is-layout-flex wp-container-core-group-is-layout-e5aca62f wp-block-group-is-layout-flex\" style=\"padding-top:5px;padding-right:25px;padding-bottom:5px;padding-left:25px\">\n<p class=\"has-contrast-color has-text-color has-link-color wp-elements-c44f7a68ea25a5378d91c4c7b3acb505\">S\u00e1bado 6 de septiembre<\/p>\n<\/div>\n<\/div><\/div>\n\n\n\n<div class=\"wp-block-group tw-stretched-link is-vertical is-content-justification-center is-layout-flex wp-container-core-group-is-layout-b9f2b1be wp-block-group-is-layout-flex\" style=\"padding-top:15px;padding-right:15px;padding-bottom:15px;padding-left:15px\">\n<p class=\"has-text-align-center has-contrast-color has-text-color has-link-color has-custom-1-font-size wp-elements-a85e61c7aea6c96a0d8cea89e6634eb2\">La Salette<\/p>\n\n\n\n<p class=\"has-accent-color has-text-color has-link-color wp-elements-527b1e377450fb5bb06ed20c680e5e4e\" style=\"line-height:1.2\">Francia<\/p>\n\n\n\n<p class=\"has-text-align-center has-contrast-color has-text-color has-link-color wp-elements-53fb7e88c4ba902388826124bf5ba982\">Meditaci\u00f3n: la coronaci\u00f3n de espinas<\/p>\n\n\n\n<div class=\"wp-block-buttons is-layout-flex wp-block-buttons-is-layout-flex\" style=\"margin-top:25px;margin-bottom:25px\">\n<div class=\"wp-block-button\"><a class=\"wp-block-button__link wp-element-button\" href=\"https:\/\/jubile2025-fatima.org\/actualites\/\">Ver las noticias<\/a><\/div>\n<\/div>\n<\/div>\n<\/div>\n<\/div>\n<\/div>\n\n\n\n<div class=\"wp-block-cb-slide\">\n<div class=\"wp-block-group has-global-padding is-layout-constrained wp-block-group-is-layout-constrained\">\n<div class=\"wp-block-group has-contrast-3-color has-gradient-4-gradient-background has-text-color has-background has-link-color wp-elements-46a5b36f3677bed646787a855151c360 has-global-padding is-layout-constrained wp-container-core-group-is-layout-19e250f3 wp-block-group-is-layout-constrained\" style=\"border-radius:18px;box-shadow:5px 5px 10px 2px #0000001a\">\n<div class=\"wp-block-cover has-custom-content-position is-position-bottom-center tw-stretched-link has-aspect-ratio\" style=\"padding-top:0;padding-right:0;padding-bottom:0;padding-left:0;aspect-ratio:16\/9;min-height:unset;\"><img data-recalc-dims=\"1\" decoding=\"async\" width=\"1920\" height=\"1195\" sizes=\"(max-width: 799px) 125vw,(max-width: 1920px) 100vw,1920px\" class=\"wp-block-cover__image-background wp-image-3814\" alt=\"\" src=\"https:\/\/i0.wp.com\/jubile2025-fatima.org\/wp-content\/uploads\/2025\/02\/AdobeStock_278393392.jpeg?resize=1920%2C1195&#038;ssl=1\" data-object-fit=\"cover\" srcset=\"https:\/\/i0.wp.com\/jubile2025-fatima.org\/wp-content\/uploads\/2025\/02\/AdobeStock_278393392.jpeg?w=1920&amp;ssl=1 1920w, https:\/\/i0.wp.com\/jubile2025-fatima.org\/wp-content\/uploads\/2025\/02\/AdobeStock_278393392.jpeg?resize=300%2C187&amp;ssl=1 300w, https:\/\/i0.wp.com\/jubile2025-fatima.org\/wp-content\/uploads\/2025\/02\/AdobeStock_278393392.jpeg?resize=1024%2C637&amp;ssl=1 1024w, https:\/\/i0.wp.com\/jubile2025-fatima.org\/wp-content\/uploads\/2025\/02\/AdobeStock_278393392.jpeg?resize=768%2C478&amp;ssl=1 768w, https:\/\/i0.wp.com\/jubile2025-fatima.org\/wp-content\/uploads\/2025\/02\/AdobeStock_278393392.jpeg?resize=1536%2C956&amp;ssl=1 1536w\" \/><span aria-hidden=\"true\" class=\"wp-block-cover__background has-background-dim-10 has-background-dim wp-block-cover__gradient-background has-background-gradient has-gradient-4-gradient-background\"><\/span><div class=\"wp-block-cover__inner-container has-global-padding is-layout-constrained wp-container-core-cover-is-layout-639b5052 wp-block-cover-is-layout-constrained\">\n<div class=\"wp-block-group has-contrast-2-background-color has-background is-vertical is-content-justification-center is-layout-flex wp-container-core-group-is-layout-e5aca62f wp-block-group-is-layout-flex\" style=\"padding-top:5px;padding-right:25px;padding-bottom:5px;padding-left:25px\">\n<p class=\"has-contrast-color has-text-color has-link-color wp-elements-8cac113ccdb4eab55c074c443a668333\">S\u00e1bado 2 de agosto<\/p>\n<\/div>\n<\/div><\/div>\n\n\n\n<div class=\"wp-block-group tw-stretched-link is-vertical is-content-justification-center is-layout-flex wp-container-core-group-is-layout-b9f2b1be wp-block-group-is-layout-flex\" style=\"padding-top:15px;padding-right:15px;padding-bottom:15px;padding-left:15px\">\n<p class=\"has-text-align-center has-contrast-color has-text-color has-link-color has-custom-1-font-size wp-elements-aedc521c953a06a9eccfcb5d6e5972c3\">Santuario de Lourdes<\/p>\n\n\n\n<p class=\"has-accent-color has-text-color has-link-color wp-elements-527b1e377450fb5bb06ed20c680e5e4e\" style=\"line-height:1.2\">Francia<\/p>\n\n\n\n<p class=\"has-text-align-center has-contrast-color has-text-color has-link-color wp-elements-a47a614c57de4c70f1adde20fbf9fc9c\">Meditaci\u00f3n: Asunci\u00f3n<\/p>\n\n\n\n<div class=\"wp-block-buttons is-layout-flex wp-block-buttons-is-layout-flex\" style=\"margin-top:25px;margin-bottom:25px\">\n<div class=\"wp-block-button\"><a class=\"wp-block-button__link wp-element-button\" href=\"https:\/\/jubile2025-fatima.org\/actualites\/\">Ver las noticias<\/a><\/div>\n<\/div>\n<\/div>\n<\/div>\n<\/div>\n<\/div>\n\n\n\n<div class=\"wp-block-cb-slide\">\n<div class=\"wp-block-group has-global-padding is-layout-constrained wp-block-group-is-layout-constrained\">\n<div class=\"wp-block-group has-contrast-3-color has-gradient-4-gradient-background has-text-color has-background has-link-color wp-elements-6a926b0557847686fbe0eca3bf4ef6e0 has-global-padding is-layout-constrained wp-container-core-group-is-layout-19e250f3 wp-block-group-is-layout-constrained\" style=\"border-radius:18px;box-shadow:5px 5px 10px 2px #0000001a\">\n<div class=\"wp-block-cover has-custom-content-position is-position-bottom-center tw-stretched-link has-aspect-ratio\" style=\"padding-top:0;padding-right:0;padding-bottom:0;padding-left:0;aspect-ratio:16\/9;min-height:unset;\"><img data-recalc-dims=\"1\" decoding=\"async\" width=\"935\" height=\"446\" sizes=\"(max-width: 799px) 125vw,(max-width: 935px) 100vw,935px\" class=\"wp-block-cover__image-background wp-image-8497 size-full\" alt=\"\" src=\"https:\/\/i0.wp.com\/jubile2025-fatima.org\/wp-content\/uploads\/2025\/06\/image-puy.jpg?resize=935%2C446&#038;ssl=1\" data-object-fit=\"cover\" srcset=\"https:\/\/i0.wp.com\/jubile2025-fatima.org\/wp-content\/uploads\/2025\/06\/image-puy.jpg?w=935&amp;ssl=1 935w, https:\/\/i0.wp.com\/jubile2025-fatima.org\/wp-content\/uploads\/2025\/06\/image-puy.jpg?resize=300%2C143&amp;ssl=1 300w, https:\/\/i0.wp.com\/jubile2025-fatima.org\/wp-content\/uploads\/2025\/06\/image-puy.jpg?resize=768%2C366&amp;ssl=1 768w\" \/><span aria-hidden=\"true\" class=\"wp-block-cover__background has-background-dim-0 has-background-dim has-background-gradient has-gradient-4-gradient-background\"><\/span><div class=\"wp-block-cover__inner-container has-global-padding is-layout-constrained wp-container-core-cover-is-layout-639b5052 wp-block-cover-is-layout-constrained\">\n<div class=\"wp-block-group has-contrast-2-background-color has-background is-vertical is-content-justification-center is-layout-flex wp-container-core-group-is-layout-e5aca62f wp-block-group-is-layout-flex\" style=\"padding-top:5px;padding-right:25px;padding-bottom:5px;padding-left:25px\">\n<p class=\"has-contrast-color has-text-color has-link-color wp-elements-703540ce25c58a6cd1626aae05840261\">S\u00e1bado 5 de julio<\/p>\n<\/div>\n<\/div><\/div>\n\n\n\n<div class=\"wp-block-group tw-stretched-link is-vertical is-content-justification-center is-layout-flex wp-container-core-group-is-layout-b9f2b1be wp-block-group-is-layout-flex\" style=\"padding-top:15px;padding-right:15px;padding-bottom:15px;padding-left:15px\">\n<p class=\"has-text-align-center has-contrast-color has-text-color has-link-color has-custom-1-font-size wp-elements-11c8b151336b1d03ef1f8c08bc0242f3\">Notre Dame de France<\/p>\n\n\n\n<p class=\"has-accent-color has-text-color has-link-color wp-elements-d49786d30ecba4b7ff16f2b9165a71c1\" style=\"line-height:1.2\">Le Puy en Velay<\/p>\n\n\n\n<p class=\"has-text-align-center has-contrast-color has-text-color has-link-color wp-elements-2cd2837057e46d2ebfca221a6d1f1440\">Meditaci\u00f3n: la agon\u00eda de Jes\u00fas<\/p>\n\n\n\n<div class=\"wp-block-buttons is-layout-flex wp-block-buttons-is-layout-flex\" style=\"margin-top:25px;margin-bottom:25px\">\n<div class=\"wp-block-button\"><a class=\"wp-block-button__link wp-element-button\" href=\"https:\/\/jubile2025-fatima.org\/actualites\/\">Ver las noticias<\/a><\/div>\n<\/div>\n<\/div>\n<\/div>\n<\/div>\n<\/div>\n\n\n\n<div class=\"wp-block-cb-slide\">\n<div class=\"wp-block-group has-global-padding is-layout-constrained wp-block-group-is-layout-constrained\">\n<div class=\"wp-block-group has-contrast-3-color has-gradient-4-gradient-background has-text-color has-background has-link-color wp-elements-b73711eed32dd870fb55021762bfcb95 has-global-padding is-layout-constrained wp-container-core-group-is-layout-19e250f3 wp-block-group-is-layout-constrained\" style=\"border-radius:18px;box-shadow:5px 5px 10px 2px #0000001a\">\n<div class=\"wp-block-cover has-custom-content-position is-position-bottom-center tw-stretched-link has-aspect-ratio\" style=\"padding-top:0;padding-right:0;padding-bottom:0;padding-left:0;aspect-ratio:16\/9;min-height:unset;\"><img data-recalc-dims=\"1\" decoding=\"async\" width=\"1776\" height=\"951\" sizes=\"(max-width: 799px) 125vw,(max-width: 1776px) 100vw,1776px\" class=\"wp-block-cover__image-background wp-image-5266\" alt=\"\" src=\"https:\/\/i0.wp.com\/jubile2025-fatima.org\/wp-content\/uploads\/2025\/03\/image-us.jpg?resize=1776%2C951&#038;ssl=1\" data-object-fit=\"cover\" srcset=\"https:\/\/i0.wp.com\/jubile2025-fatima.org\/wp-content\/uploads\/2025\/03\/image-us.jpg?w=1776&amp;ssl=1 1776w, https:\/\/i0.wp.com\/jubile2025-fatima.org\/wp-content\/uploads\/2025\/03\/image-us.jpg?resize=300%2C161&amp;ssl=1 300w, https:\/\/i0.wp.com\/jubile2025-fatima.org\/wp-content\/uploads\/2025\/03\/image-us.jpg?resize=1024%2C548&amp;ssl=1 1024w, https:\/\/i0.wp.com\/jubile2025-fatima.org\/wp-content\/uploads\/2025\/03\/image-us.jpg?resize=768%2C411&amp;ssl=1 768w, https:\/\/i0.wp.com\/jubile2025-fatima.org\/wp-content\/uploads\/2025\/03\/image-us.jpg?resize=1536%2C822&amp;ssl=1 1536w\" \/><span aria-hidden=\"true\" class=\"wp-block-cover__background has-background-dim-0 has-background-dim\"><\/span><div class=\"wp-block-cover__inner-container has-global-padding is-layout-constrained wp-container-core-cover-is-layout-639b5052 wp-block-cover-is-layout-constrained\">\n<div class=\"wp-block-group has-contrast-2-background-color has-background is-vertical is-content-justification-center is-layout-flex wp-container-core-group-is-layout-e5aca62f wp-block-group-is-layout-flex\" style=\"padding-top:5px;padding-right:25px;padding-bottom:5px;padding-left:25px\">\n<p class=\"has-contrast-color has-text-color has-link-color wp-elements-cb4cdf5e7faf19a9caaf9cb1cdcfc484\">S\u00e1bado 7 de junio<\/p>\n<\/div>\n<\/div><\/div>\n\n\n\n<div class=\"wp-block-group tw-stretched-link is-vertical is-content-justification-center is-layout-flex wp-container-core-group-is-layout-b9f2b1be wp-block-group-is-layout-flex\" style=\"padding-top:15px;padding-right:15px;padding-bottom:15px;padding-left:15px\">\n<p class=\"has-text-align-center has-contrast-color has-text-color has-link-color has-custom-1-font-size wp-elements-df7cca4882f9e47c677ffd38a283790d\">Santuario de Guadalupe (EE.UU.)<\/p>\n\n\n\n<p class=\"has-accent-color has-text-color has-link-color wp-elements-a5b0d43a44e0447b2fc5279ad8629f77\" style=\"line-height:1.2\">Estados Unidos<\/p>\n\n\n\n<p class=\"has-text-align-center has-contrast-color has-text-color has-link-color wp-elements-936ba7dd5596f5147b8895b093bb5f48\">Meditaci\u00f3n: Pentecost\u00e9s<\/p>\n\n\n\n<div class=\"wp-block-buttons is-layout-flex wp-block-buttons-is-layout-flex\" style=\"margin-top:25px;margin-bottom:25px\">\n<div class=\"wp-block-button\"><a class=\"wp-block-button__link wp-element-button\" href=\"https:\/\/jubile2025-fatima.org\/actualites\/\">Ver las noticias<\/a><\/div>\n<\/div>\n<\/div>\n<\/div>\n<\/div>\n<\/div>\n\n\n\n<div class=\"wp-block-cb-slide\">\n<div class=\"wp-block-group has-global-padding is-layout-constrained wp-block-group-is-layout-constrained\">\n<div class=\"wp-block-group has-contrast-3-color has-gradient-4-gradient-background has-text-color has-background has-link-color wp-elements-8b228a54cce4a61fc6542baa3636102e has-global-padding is-layout-constrained wp-container-core-group-is-layout-19e250f3 wp-block-group-is-layout-constrained\" style=\"border-radius:18px;box-shadow:5px 5px 10px 2px #0000001a\">\n<div class=\"wp-block-cover has-custom-content-position is-position-bottom-center tw-stretched-link has-aspect-ratio\" style=\"padding-top:0;padding-right:0;padding-bottom:0;padding-left:0;aspect-ratio:16\/9;min-height:unset;\"><img data-recalc-dims=\"1\" decoding=\"async\" width=\"634\" height=\"531\" sizes=\"(max-width: 799px) 125vw,(max-width: 634px) 100vw,634px\" class=\"wp-block-cover__image-background wp-image-3840\" alt=\"\" src=\"https:\/\/i0.wp.com\/jubile2025-fatima.org\/wp-content\/uploads\/2025\/02\/bdi_burundi_assumption_2019_04_imvaho.jpg?resize=634%2C531&#038;ssl=1\" style=\"object-position:87% 18%\" data-object-fit=\"cover\" data-object-position=\"87% 18%\" srcset=\"https:\/\/i0.wp.com\/jubile2025-fatima.org\/wp-content\/uploads\/2025\/02\/bdi_burundi_assumption_2019_04_imvaho.jpg?w=634&amp;ssl=1 634w, https:\/\/i0.wp.com\/jubile2025-fatima.org\/wp-content\/uploads\/2025\/02\/bdi_burundi_assumption_2019_04_imvaho.jpg?resize=300%2C251&amp;ssl=1 300w\" \/><span aria-hidden=\"true\" class=\"wp-block-cover__background has-background-dim-10 has-background-dim wp-block-cover__gradient-background has-background-gradient has-gradient-4-gradient-background\"><\/span><div class=\"wp-block-cover__inner-container has-global-padding is-layout-constrained wp-container-core-cover-is-layout-639b5052 wp-block-cover-is-layout-constrained\">\n<div class=\"wp-block-group has-contrast-2-background-color has-background is-vertical is-content-justification-center is-layout-flex wp-container-core-group-is-layout-e5aca62f wp-block-group-is-layout-flex\" style=\"padding-top:5px;padding-right:25px;padding-bottom:5px;padding-left:25px\">\n<p class=\"has-contrast-color has-text-color has-link-color wp-elements-b298b64ea5083a8048ce0d6770a94a27\">S\u00e1bado 3 de mayo<\/p>\n<\/div>\n<\/div><\/div>\n\n\n\n<div class=\"wp-block-group tw-stretched-link is-vertical is-content-justification-center is-layout-flex wp-container-core-group-is-layout-b9f2b1be wp-block-group-is-layout-flex\" style=\"padding-top:15px;padding-right:15px;padding-bottom:15px;padding-left:15px\">\n<p class=\"has-text-align-center has-contrast-color has-text-color has-link-color has-custom-1-font-size wp-elements-986cb6288c64adae15bebf2361effc76\">Santuario de Nuestra Se\u00f1ora de la Paz<\/p>\n\n\n\n<p class=\"has-accent-color has-text-color has-link-color wp-elements-1e634679fbfcb7b003b75afbec596dda\" style=\"line-height:1.2\">Burundi (\u00c1frica)<\/p>\n\n\n\n<p class=\"has-text-align-center has-contrast-color has-text-color has-link-color wp-elements-8c93b54edfe48d27ce5347a13fadadad\">Meditaci\u00f3n: Resurrecci\u00f3n<\/p>\n\n\n\n<div class=\"wp-block-buttons is-layout-flex wp-block-buttons-is-layout-flex\" style=\"margin-top:25px;margin-bottom:25px\">\n<div class=\"wp-block-button\"><a class=\"wp-block-button__link wp-element-button\" href=\"https:\/\/jubile2025-fatima.org\/actualites\/\">Ver las noticias<\/a><\/div>\n<\/div>\n<\/div>\n<\/div>\n<\/div>\n<\/div>\n\n\n\n<div class=\"wp-block-cb-slide\">\n<div class=\"wp-block-group has-global-padding is-layout-constrained wp-block-group-is-layout-constrained\">\n<div class=\"wp-block-group has-contrast-3-color has-gradient-4-gradient-background has-text-color has-background has-link-color wp-elements-ba31a6f4d2682ec5d696f4deb752efb5 has-global-padding is-layout-constrained wp-container-core-group-is-layout-19e250f3 wp-block-group-is-layout-constrained\" style=\"border-radius:18px;box-shadow:5px 5px 10px 2px #0000001a\">\n<div class=\"wp-block-cover has-custom-content-position is-position-bottom-center tw-stretched-link has-aspect-ratio\" style=\"padding-top:0;padding-right:0;padding-bottom:0;padding-left:0;aspect-ratio:16\/9;min-height:unset;\"><img data-recalc-dims=\"1\" decoding=\"async\" width=\"1024\" height=\"683\" sizes=\"(max-width: 799px) 125vw,(max-width: 1280px) 100vw,1280px\" class=\"wp-block-cover__image-background wp-image-6874 size-large\" alt=\"\" src=\"https:\/\/i0.wp.com\/jubile2025-fatima.org\/wp-content\/uploads\/2025\/04\/Maurice.jpg?resize=1024%2C683&#038;ssl=1\" data-object-fit=\"cover\" srcset=\"https:\/\/i0.wp.com\/jubile2025-fatima.org\/wp-content\/uploads\/2025\/04\/Maurice.jpg?resize=1024%2C683&amp;ssl=1 1024w, https:\/\/i0.wp.com\/jubile2025-fatima.org\/wp-content\/uploads\/2025\/04\/Maurice.jpg?resize=300%2C200&amp;ssl=1 300w, https:\/\/i0.wp.com\/jubile2025-fatima.org\/wp-content\/uploads\/2025\/04\/Maurice.jpg?resize=768%2C512&amp;ssl=1 768w, https:\/\/i0.wp.com\/jubile2025-fatima.org\/wp-content\/uploads\/2025\/04\/Maurice.jpg?w=1280&amp;ssl=1 1280w\" \/><span aria-hidden=\"true\" class=\"wp-block-cover__background has-background-dim-10 has-background-dim wp-block-cover__gradient-background has-background-gradient has-gradient-4-gradient-background\"><\/span><div class=\"wp-block-cover__inner-container has-global-padding is-layout-constrained wp-container-core-cover-is-layout-639b5052 wp-block-cover-is-layout-constrained\">\n<div class=\"wp-block-group has-contrast-2-background-color has-background is-vertical is-content-justification-center is-layout-flex wp-container-core-group-is-layout-e5aca62f wp-block-group-is-layout-flex\" style=\"padding-top:5px;padding-right:25px;padding-bottom:5px;padding-left:25px\">\n<p class=\"has-contrast-color has-text-color has-link-color wp-elements-b298b64ea5083a8048ce0d6770a94a27\">S\u00e1bado 3 de mayo<\/p>\n<\/div>\n<\/div><\/div>\n\n\n\n<div class=\"wp-block-group tw-stretched-link is-vertical is-content-justification-center is-layout-flex wp-container-core-group-is-layout-b9f2b1be wp-block-group-is-layout-flex\" style=\"padding-top:15px;padding-right:15px;padding-bottom:15px;padding-left:15px\">\n<p class=\"has-text-align-center has-contrast-color has-text-color has-link-color has-custom-1-font-size wp-elements-a0decf48c25e01d710fa278af513fe71\">Mar\u00eda Reina de la Paz<\/p>\n\n\n\n<p class=\"has-accent-color has-text-color has-link-color wp-elements-b37a6ea6d7377e3f8e1baa1b4416c655\" style=\"line-height:1.2\">Mauricio<\/p>\n\n\n\n<p class=\"has-text-align-center has-contrast-color has-text-color has-link-color wp-elements-8c93b54edfe48d27ce5347a13fadadad\">Meditaci\u00f3n: Resurrecci\u00f3n<\/p>\n\n\n\n<div class=\"wp-block-buttons is-layout-flex wp-block-buttons-is-layout-flex\" style=\"margin-top:25px;margin-bottom:25px\">\n<div class=\"wp-block-button\"><a class=\"wp-block-button__link wp-element-button\" href=\"https:\/\/jubile2025-fatima.org\/actualites\/\">Ver las noticias<\/a><\/div>\n<\/div>\n<\/div>\n<\/div>\n<\/div>\n<\/div>\n\n\n\n<div class=\"wp-block-cb-slide\">\n<div class=\"wp-block-group has-global-padding is-layout-constrained wp-block-group-is-layout-constrained\">\n<div class=\"wp-block-group has-contrast-3-color has-gradient-4-gradient-background has-text-color has-background has-link-color wp-elements-e67866912d2019efd24965051e88f07b has-global-padding is-layout-constrained wp-container-core-group-is-layout-19e250f3 wp-block-group-is-layout-constrained\" style=\"border-radius:18px;box-shadow:5px 5px 10px 2px #0000001a\">\n<div class=\"wp-block-cover is-light has-custom-content-position is-position-bottom-center tw-stretched-link has-aspect-ratio\" style=\"padding-top:0;padding-right:0;padding-bottom:0;padding-left:0;aspect-ratio:16\/9;min-height:unset;\"><img data-recalc-dims=\"1\" decoding=\"async\" width=\"470\" height=\"245\" sizes=\"(max-width: 799px) 125vw,(max-width: 470px) 100vw,470px\" class=\"wp-block-cover__image-background wp-image-5222\" alt=\"\" src=\"https:\/\/i0.wp.com\/jubile2025-fatima.org\/wp-content\/uploads\/2025\/03\/th-1385806518.jpg?resize=470%2C245&#038;ssl=1\" data-object-fit=\"cover\" srcset=\"https:\/\/i0.wp.com\/jubile2025-fatima.org\/wp-content\/uploads\/2025\/03\/th-1385806518.jpg?w=470&amp;ssl=1 470w, https:\/\/i0.wp.com\/jubile2025-fatima.org\/wp-content\/uploads\/2025\/03\/th-1385806518.jpg?resize=300%2C156&amp;ssl=1 300w\" \/><span aria-hidden=\"true\" class=\"wp-block-cover__background has-background-dim-10 has-background-dim wp-block-cover__gradient-background has-background-gradient has-gradient-4-gradient-background\"><\/span><div class=\"wp-block-cover__inner-container has-global-padding is-layout-constrained wp-container-core-cover-is-layout-639b5052 wp-block-cover-is-layout-constrained\">\n<div class=\"wp-block-group has-contrast-2-background-color has-background is-vertical is-content-justification-center is-layout-flex wp-container-core-group-is-layout-e5aca62f wp-block-group-is-layout-flex\" style=\"padding-top:5px;padding-right:25px;padding-bottom:5px;padding-left:25px\">\n<p class=\"has-contrast-color has-text-color has-link-color wp-elements-b9a0eda2c352423d5ac94ca546c497f0\">S\u00e1bado 5 de abril<\/p>\n<\/div>\n<\/div><\/div>\n\n\n\n<div class=\"wp-block-group tw-stretched-link is-vertical is-content-justification-center is-layout-flex wp-container-core-group-is-layout-b9f2b1be wp-block-group-is-layout-flex\" style=\"padding-top:15px;padding-right:15px;padding-bottom:15px;padding-left:15px\">\n<p class=\"has-text-align-center has-contrast-color has-text-color has-link-color has-custom-1-font-size wp-elements-e8ae895240187c3b5dbd20d4b9dc02f0\">Grande Chartreuse<\/p>\n\n\n\n<p class=\"has-accent-color has-text-color has-link-color wp-elements-527b1e377450fb5bb06ed20c680e5e4e\" style=\"line-height:1.2\">Francia<\/p>\n\n\n\n<p class=\"has-text-align-center has-contrast-color has-text-color has-link-color wp-elements-1921a841b173e43b1342ded83bb7924a\">Meditaci\u00f3n: Llevar la cruz<\/p>\n\n\n\n<div class=\"wp-block-buttons is-layout-flex wp-block-buttons-is-layout-flex\" style=\"margin-top:25px;margin-bottom:25px\">\n<div class=\"wp-block-button\"><a class=\"wp-block-button__link wp-element-button\" href=\"https:\/\/jubile2025-fatima.org\/actualites\/\">Ver las noticias<\/a><\/div>\n<\/div>\n<\/div>\n<\/div>\n<\/div>\n<\/div>\n\n\n\n<div class=\"wp-block-cb-slide\">\n<div class=\"wp-block-group has-global-padding is-layout-constrained wp-block-group-is-layout-constrained\">\n<div class=\"wp-block-group has-contrast-3-color has-gradient-4-gradient-background has-text-color has-background has-link-color wp-elements-819acf694b58e37516336bf178f0975c has-global-padding is-layout-constrained wp-container-core-group-is-layout-19e250f3 wp-block-group-is-layout-constrained\" style=\"border-radius:18px;box-shadow:5px 5px 10px 2px #0000001a\">\n<div class=\"wp-block-cover is-light has-custom-content-position is-position-bottom-center tw-stretched-link has-aspect-ratio\" style=\"padding-top:0;padding-right:0;padding-bottom:0;padding-left:0;aspect-ratio:16\/9;min-height:unset;\"><img data-recalc-dims=\"1\" decoding=\"async\" width=\"1440\" height=\"1920\" sizes=\"(max-width: 799px) 125vw,(max-width: 1440px) 100vw,1440px\" class=\"wp-block-cover__image-background wp-image-3826\" alt=\"\" src=\"https:\/\/i0.wp.com\/jubile2025-fatima.org\/wp-content\/uploads\/2025\/02\/wgrm.jpg?resize=1440%2C1920&#038;ssl=1\" style=\"object-position:51% 36%\" data-object-fit=\"cover\" data-object-position=\"51% 36%\" srcset=\"https:\/\/i0.wp.com\/jubile2025-fatima.org\/wp-content\/uploads\/2025\/02\/wgrm.jpg?w=1440&amp;ssl=1 1440w, https:\/\/i0.wp.com\/jubile2025-fatima.org\/wp-content\/uploads\/2025\/02\/wgrm.jpg?resize=225%2C300&amp;ssl=1 225w, https:\/\/i0.wp.com\/jubile2025-fatima.org\/wp-content\/uploads\/2025\/02\/wgrm.jpg?resize=768%2C1024&amp;ssl=1 768w, https:\/\/i0.wp.com\/jubile2025-fatima.org\/wp-content\/uploads\/2025\/02\/wgrm.jpg?resize=1152%2C1536&amp;ssl=1 1152w\" \/><span aria-hidden=\"true\" class=\"wp-block-cover__background has-background-dim-10 has-background-dim wp-block-cover__gradient-background has-background-gradient has-gradient-4-gradient-background\"><\/span><div class=\"wp-block-cover__inner-container has-global-padding is-layout-constrained wp-container-core-cover-is-layout-639b5052 wp-block-cover-is-layout-constrained\">\n<div class=\"wp-block-group has-contrast-2-background-color has-background is-vertical is-content-justification-center is-layout-flex wp-container-core-group-is-layout-e5aca62f wp-block-group-is-layout-flex\" style=\"padding-top:5px;padding-right:25px;padding-bottom:5px;padding-left:25px\">\n<p class=\"has-contrast-color has-text-color has-link-color wp-elements-3fef262a08e90373f2fdf16f5ea8578d\">S\u00e1bado 1 de marzo de 2025<\/p>\n<\/div>\n<\/div><\/div>\n\n\n\n<div class=\"wp-block-group tw-stretched-link is-vertical is-content-justification-center is-layout-flex wp-container-core-group-is-layout-b9f2b1be wp-block-group-is-layout-flex\" style=\"padding-top:15px;padding-right:15px;padding-bottom:15px;padding-left:15px\">\n<p class=\"has-text-align-center has-contrast-color has-text-color has-link-color has-custom-1-font-size wp-elements-dda94d9157a76faf5f472e157580688c\">Santuario de Walsingham<\/p>\n\n\n\n<p class=\"has-accent-color has-text-color has-link-color wp-elements-eac1fb8ae726085737dca4f4bafed506\" style=\"line-height:1.2\">Inglaterra<\/p>\n\n\n\n<p class=\"has-text-align-center has-contrast-color has-text-color has-link-color wp-elements-96901ef28c160737947fda5079cb3fa3\">Meditaci\u00f3n: Anunciaci\u00f3n<\/p>\n\n\n\n<div class=\"wp-block-buttons is-layout-flex wp-block-buttons-is-layout-flex\" style=\"margin-top:25px;margin-bottom:25px\">\n<div class=\"wp-block-button\"><a class=\"wp-block-button__link wp-element-button\" href=\"https:\/\/jubile2025-fatima.org\/actualites\/\">Ver las noticias<\/a><\/div>\n<\/div>\n<\/div>\n<\/div>\n<\/div>\n<\/div>\n\n\n\n<div class=\"wp-block-cb-slide\">\n<div class=\"wp-block-group has-global-padding is-layout-constrained wp-block-group-is-layout-constrained\">\n<div class=\"wp-block-group has-contrast-3-color has-gradient-4-gradient-background has-text-color has-background has-link-color wp-elements-446156f612118c3303428efd8dae0db8 has-global-padding is-layout-constrained wp-container-core-group-is-layout-19e250f3 wp-block-group-is-layout-constrained\" style=\"border-radius:18px;box-shadow:5px 5px 10px 2px #0000001a\">\n<div class=\"wp-block-cover has-custom-content-position is-position-bottom-center tw-stretched-link has-aspect-ratio\" style=\"padding-top:0;padding-right:0;padding-bottom:0;padding-left:0;aspect-ratio:16\/9;min-height:unset;\"><img data-recalc-dims=\"1\" decoding=\"async\" width=\"1920\" height=\"1280\" sizes=\"(max-width: 799px) 125vw,(max-width: 1920px) 100vw,1920px\" class=\"wp-block-cover__image-background wp-image-1575\" alt=\"\" src=\"https:\/\/i0.wp.com\/jubile2025-fatima.org\/wp-content\/uploads\/2025\/01\/the-basilica-of-loreto-2884628.jpg?resize=1920%2C1280&#038;ssl=1\" data-object-fit=\"cover\" srcset=\"https:\/\/i0.wp.com\/jubile2025-fatima.org\/wp-content\/uploads\/2025\/01\/the-basilica-of-loreto-2884628.jpg?w=1920&amp;ssl=1 1920w, https:\/\/i0.wp.com\/jubile2025-fatima.org\/wp-content\/uploads\/2025\/01\/the-basilica-of-loreto-2884628.jpg?resize=300%2C200&amp;ssl=1 300w, https:\/\/i0.wp.com\/jubile2025-fatima.org\/wp-content\/uploads\/2025\/01\/the-basilica-of-loreto-2884628.jpg?resize=1024%2C683&amp;ssl=1 1024w, https:\/\/i0.wp.com\/jubile2025-fatima.org\/wp-content\/uploads\/2025\/01\/the-basilica-of-loreto-2884628.jpg?resize=768%2C512&amp;ssl=1 768w, https:\/\/i0.wp.com\/jubile2025-fatima.org\/wp-content\/uploads\/2025\/01\/the-basilica-of-loreto-2884628.jpg?resize=1536%2C1024&amp;ssl=1 1536w\" \/><span aria-hidden=\"true\" class=\"wp-block-cover__background has-background-dim-10 has-background-dim wp-block-cover__gradient-background has-background-gradient has-gradient-4-gradient-background\"><\/span><div class=\"wp-block-cover__inner-container has-global-padding is-layout-constrained wp-container-core-cover-is-layout-639b5052 wp-block-cover-is-layout-constrained\">\n<div class=\"wp-block-group has-contrast-2-background-color has-background is-vertical is-content-justification-center is-layout-flex wp-container-core-group-is-layout-e5aca62f wp-block-group-is-layout-flex\" style=\"padding-top:5px;padding-right:25px;padding-bottom:5px;padding-left:25px\">\n<p class=\"has-contrast-color has-text-color has-link-color wp-elements-3fef262a08e90373f2fdf16f5ea8578d\">S\u00e1bado 1 de marzo de 2025<\/p>\n<\/div>\n<\/div><\/div>\n\n\n\n<div class=\"wp-block-group tw-stretched-link is-vertical is-content-justification-center is-layout-flex wp-container-core-group-is-layout-b9f2b1be wp-block-group-is-layout-flex\" style=\"padding-top:15px;padding-right:15px;padding-bottom:15px;padding-left:15px\">\n<p class=\"has-text-align-center has-contrast-color has-text-color has-link-color has-custom-1-font-size wp-elements-115117d135fa3f99a93226607ce2857f\">Sainte maison de Lorette<\/p>\n\n\n\n<p class=\"has-accent-color has-text-color has-link-color wp-elements-9ce240ac1a48ea7203f3fdcbdc0c76e7\" style=\"line-height:1.2\">Italia<\/p>\n\n\n\n<p class=\"has-text-align-center has-contrast-color has-text-color has-link-color wp-elements-96901ef28c160737947fda5079cb3fa3\">Meditaci\u00f3n: Anunciaci\u00f3n<\/p>\n\n\n\n<div class=\"wp-block-buttons is-layout-flex wp-block-buttons-is-layout-flex\" style=\"margin-top:25px;margin-bottom:25px\">\n<div class=\"wp-block-button\"><a class=\"wp-block-button__link wp-element-button\" href=\"https:\/\/jubile2025-fatima.org\/actualites\/\">Ver las noticias<\/a><\/div>\n<\/div>\n<\/div>\n<\/div>\n<\/div>\n<\/div>\n\n\n\n<div class=\"wp-block-cb-slide\">\n<div class=\"wp-block-group has-global-padding is-layout-constrained wp-block-group-is-layout-constrained\">\n<div class=\"wp-block-group has-contrast-3-color has-gradient-4-gradient-background has-text-color has-background has-link-color wp-elements-ee82cfe1ebae6d5872b605a7b8248ef6 has-global-padding is-layout-constrained wp-container-core-group-is-layout-19e250f3 wp-block-group-is-layout-constrained\" style=\"border-radius:18px;box-shadow:5px 5px 10px 2px #0000001a\">\n<div class=\"wp-block-cover has-custom-content-position is-position-bottom-center tw-stretched-link has-aspect-ratio\" style=\"padding-top:0;padding-right:0;padding-bottom:0;padding-left:0;aspect-ratio:16\/9;min-height:unset;\"><img data-recalc-dims=\"1\" decoding=\"async\" width=\"1920\" height=\"1263\" sizes=\"(max-width: 799px) 125vw,(max-width: 1920px) 100vw,1920px\" class=\"wp-block-cover__image-background wp-image-1578\" alt=\"\" src=\"https:\/\/i0.wp.com\/jubile2025-fatima.org\/wp-content\/uploads\/2025\/01\/Capture-decran-2025-01-22-a-19.10.26.jpg?resize=1920%2C1263&#038;ssl=1\" data-object-fit=\"cover\" srcset=\"https:\/\/i0.wp.com\/jubile2025-fatima.org\/wp-content\/uploads\/2025\/01\/Capture-decran-2025-01-22-a-19.10.26.jpg?w=1920&amp;ssl=1 1920w, https:\/\/i0.wp.com\/jubile2025-fatima.org\/wp-content\/uploads\/2025\/01\/Capture-decran-2025-01-22-a-19.10.26.jpg?resize=300%2C197&amp;ssl=1 300w, https:\/\/i0.wp.com\/jubile2025-fatima.org\/wp-content\/uploads\/2025\/01\/Capture-decran-2025-01-22-a-19.10.26.jpg?resize=1024%2C674&amp;ssl=1 1024w, https:\/\/i0.wp.com\/jubile2025-fatima.org\/wp-content\/uploads\/2025\/01\/Capture-decran-2025-01-22-a-19.10.26.jpg?resize=768%2C505&amp;ssl=1 768w, https:\/\/i0.wp.com\/jubile2025-fatima.org\/wp-content\/uploads\/2025\/01\/Capture-decran-2025-01-22-a-19.10.26.jpg?resize=1536%2C1010&amp;ssl=1 1536w\" \/><span aria-hidden=\"true\" class=\"wp-block-cover__background has-background-dim-10 has-background-dim wp-block-cover__gradient-background has-background-gradient has-gradient-4-gradient-background\"><\/span><div class=\"wp-block-cover__inner-container has-global-padding is-layout-constrained wp-container-core-cover-is-layout-639b5052 wp-block-cover-is-layout-constrained\">\n<div class=\"wp-block-group has-contrast-2-background-color has-background is-vertical is-content-justification-center is-layout-flex wp-container-core-group-is-layout-e5aca62f wp-block-group-is-layout-flex\" style=\"padding-top:5px;padding-right:25px;padding-bottom:5px;padding-left:25px\">\n<p class=\"has-contrast-color has-text-color has-link-color wp-elements-e84d8b7724243fddca77e4ae111e2830\">S\u00e1bado 1 de febrero de 2025<\/p>\n<\/div>\n<\/div><\/div>\n\n\n\n<div class=\"wp-block-group tw-stretched-link is-vertical is-content-justification-center is-layout-flex wp-container-core-group-is-layout-b9f2b1be wp-block-group-is-layout-flex\" style=\"padding-top:15px;padding-right:15px;padding-bottom:15px;padding-left:15px\">\n<p class=\"has-text-align-center has-contrast-color has-text-color has-link-color has-custom-1-font-size wp-elements-a3174c3f5c8e746a7f0db65cabca890c\">Santuario de Maghdouch\u00e9<\/p>\n\n\n\n<p class=\"has-accent-color has-text-color has-link-color wp-elements-8d5267950e51e293c52b819ceefa0a74\" style=\"line-height:1.2\">L\u00edbano<\/p>\n\n\n\n<p class=\"has-text-align-center has-contrast-color has-text-color has-link-color wp-elements-e64194b6a9562d3fe51f42837928dcc6\">Meditaci\u00f3n: Presentaci\u00f3n en el templo<\/p>\n\n\n\n<div class=\"wp-block-buttons is-layout-flex wp-block-buttons-is-layout-flex\" style=\"margin-top:25px;margin-bottom:25px\">\n<div class=\"wp-block-button\"><a class=\"wp-block-button__link wp-element-button\" href=\"https:\/\/jubile2025-fatima.org\/actualites\/\">Ver las noticias<\/a><\/div>\n<\/div>\n<\/div>\n<\/div>\n<\/div>\n<\/div>\n\n\n\n<div class=\"wp-block-cb-slide\">\n<div class=\"wp-block-group has-global-padding is-layout-constrained wp-block-group-is-layout-constrained\">\n<div class=\"wp-block-group has-contrast-3-color has-gradient-4-gradient-background has-text-color has-background has-link-color wp-elements-3cd2923c5289b5a7292ad40ae248ab78 has-global-padding is-layout-constrained wp-container-core-group-is-layout-19e250f3 wp-block-group-is-layout-constrained\" style=\"border-radius:18px;box-shadow:5px 5px 10px 2px #0000001a\">\n<div class=\"wp-block-cover is-light has-custom-content-position is-position-bottom-center tw-stretched-link has-aspect-ratio\" style=\"padding-top:0;padding-right:0;padding-bottom:0;padding-left:0;aspect-ratio:16\/9;min-height:unset;\"><img data-recalc-dims=\"1\" decoding=\"async\" width=\"1920\" height=\"1080\" sizes=\"(max-width: 799px) 125vw,(max-width: 1920px) 100vw,1920px\" class=\"wp-block-cover__image-background wp-image-1197\" alt=\"\" src=\"https:\/\/i0.wp.com\/jubile2025-fatima.org\/wp-content\/uploads\/2024\/12\/chapelle-de-la-rue-du-Bac.jpg?resize=1920%2C1080&#038;ssl=1\" data-object-fit=\"cover\" srcset=\"https:\/\/i0.wp.com\/jubile2025-fatima.org\/wp-content\/uploads\/2024\/12\/chapelle-de-la-rue-du-Bac.jpg?w=1920&amp;ssl=1 1920w, https:\/\/i0.wp.com\/jubile2025-fatima.org\/wp-content\/uploads\/2024\/12\/chapelle-de-la-rue-du-Bac.jpg?resize=300%2C169&amp;ssl=1 300w, https:\/\/i0.wp.com\/jubile2025-fatima.org\/wp-content\/uploads\/2024\/12\/chapelle-de-la-rue-du-Bac.jpg?resize=1024%2C576&amp;ssl=1 1024w, https:\/\/i0.wp.com\/jubile2025-fatima.org\/wp-content\/uploads\/2024\/12\/chapelle-de-la-rue-du-Bac.jpg?resize=768%2C432&amp;ssl=1 768w, https:\/\/i0.wp.com\/jubile2025-fatima.org\/wp-content\/uploads\/2024\/12\/chapelle-de-la-rue-du-Bac.jpg?resize=1536%2C864&amp;ssl=1 1536w\" \/><span aria-hidden=\"true\" class=\"wp-block-cover__background has-background-dim-10 has-background-dim wp-block-cover__gradient-background has-background-gradient has-gradient-4-gradient-background\"><\/span><div class=\"wp-block-cover__inner-container has-global-padding is-layout-constrained wp-container-core-cover-is-layout-639b5052 wp-block-cover-is-layout-constrained\">\n<div class=\"wp-block-group has-contrast-2-background-color has-background is-vertical is-content-justification-center is-layout-flex wp-container-core-group-is-layout-e5aca62f wp-block-group-is-layout-flex\" style=\"padding-top:5px;padding-right:25px;padding-bottom:5px;padding-left:25px\">\n<p class=\"has-contrast-color has-text-color has-link-color wp-elements-8d09b337a8c53224c5ee2e3fbfa81927\">S\u00e1bado 4 de enero de 2025<\/p>\n<\/div>\n<\/div><\/div>\n\n\n\n<div class=\"wp-block-group tw-stretched-link is-vertical is-content-justification-center is-layout-flex wp-container-core-group-is-layout-b9f2b1be wp-block-group-is-layout-flex\" style=\"padding-top:15px;padding-right:15px;padding-bottom:15px;padding-left:15px\">\n<p class=\"has-text-align-center has-contrast-color has-text-color has-link-color has-custom-1-font-size wp-elements-fbffdee8b484a20321b1718b2c942fdf\">Capilla de la Medalla Milagrosa<\/p>\n\n\n\n<p class=\"has-accent-color has-text-color has-link-color wp-elements-527b1e377450fb5bb06ed20c680e5e4e\" style=\"line-height:1.2\">Francia<\/p>\n\n\n\n<p class=\"has-text-align-center has-contrast-color has-text-color has-link-color wp-elements-96901ef28c160737947fda5079cb3fa3\">Meditaci\u00f3n: Anunciaci\u00f3n<\/p>\n\n\n\n<div class=\"wp-block-buttons is-layout-flex wp-block-buttons-is-layout-flex\" style=\"margin-top:25px;margin-bottom:25px\">\n<div class=\"wp-block-button\"><a class=\"wp-block-button__link wp-element-button\" href=\"https:\/\/jubile2025-fatima.org\/actualites\/\">Ver las noticias<\/a><\/div>\n<\/div>\n<\/div>\n<\/div>\n<\/div>\n<\/div>\n<\/div>\n<\/div>\n<\/div>\n<\/section>\n\n\n\n<section class=\"wp-block-group has-global-padding is-layout-constrained wp-block-group-is-layout-constrained\" style=\"padding-top:var(--wp--preset--spacing--50);padding-bottom:var(--wp--preset--spacing--50)\">\n<div class=\"wp-block-group has-global-padding is-layout-constrained wp-block-group-is-layout-constrained\">\n<div class=\"wp-block-group has-global-padding is-layout-constrained wp-block-group-is-layout-constrained tw-block-animation tw-animation-fade-in-up\">\n<p class=\"has-text-align-center has-accent-color has-text-color has-link-color has-medium-font-size wp-elements-ae9562a5e779df48c130f8cd41fee2b1\" style=\"font-style:normal;font-weight:700;letter-spacing:2px;text-transform:uppercase\">Qu\u00e9 puede hacer usted por el Jubileo 2025<\/p>\n<\/div>\n\n\n\n<div class=\"wp-block-group has-global-padding is-layout-constrained wp-container-core-group-is-layout-d3dfb2e6 wp-block-group-is-layout-constrained\">\n<h2 class=\"wp-block-heading has-text-align-center\" style=\"text-transform:none\">Haga que los <sup>primeros<\/sup> s\u00e1bados de uni\u00f3n con los santuarios se celebren cerca de usted<\/h2>\n<\/div>\n\n\n\n<div class=\"wp-block-group has-global-padding is-layout-constrained wp-block-group-is-layout-constrained\">\n<div class=\"wp-block-columns wp-elements-e78bf5e1aa19f204d89da2552b0eec4e is-layout-flex wp-container-core-columns-is-layout-2fd116b3 wp-block-columns-is-layout-flex\" style=\"padding-top:var(--wp--preset--spacing--30);padding-bottom:0\">\n<div class=\"wp-block-column has-contrast-color has-contrast-2-background-color has-text-color has-background has-link-color wp-elements-1a88fe3492b19c1d29f1c77edd70ffbd is-layout-flow wp-block-column-is-layout-flow\" style=\"padding-top:25px;padding-right:25px;padding-bottom:25px;padding-left:25px;box-shadow:6px 6px 9px rgba(0, 0, 0, 0.2)\">\n<figure class=\"wp-block-image size-large\"><img data-recalc-dims=\"1\" decoding=\"async\" width=\"1024\" height=\"576\" src=\"https:\/\/i0.wp.com\/jubile2025-fatima.org\/wp-content\/uploads\/2025\/01\/image4.jpg?resize=1024%2C576&#038;ssl=1\" alt=\"\" class=\"wp-image-1313\" srcset=\"https:\/\/i0.wp.com\/jubile2025-fatima.org\/wp-content\/uploads\/2025\/01\/image4.jpg?resize=1024%2C576&amp;ssl=1 1024w, https:\/\/i0.wp.com\/jubile2025-fatima.org\/wp-content\/uploads\/2025\/01\/image4.jpg?resize=300%2C169&amp;ssl=1 300w, https:\/\/i0.wp.com\/jubile2025-fatima.org\/wp-content\/uploads\/2025\/01\/image4.jpg?resize=768%2C432&amp;ssl=1 768w, https:\/\/i0.wp.com\/jubile2025-fatima.org\/wp-content\/uploads\/2025\/01\/image4.jpg?resize=1536%2C864&amp;ssl=1 1536w, https:\/\/i0.wp.com\/jubile2025-fatima.org\/wp-content\/uploads\/2025\/01\/image4.jpg?w=1920&amp;ssl=1 1920w\" sizes=\"(max-width: 1000px) 100vw, 1000px\" \/><\/figure>\n\n\n\n<div class=\"wp-block-group has-global-padding is-layout-constrained wp-block-group-is-layout-constrained\" style=\"min-height:300px\">\n<h3 class=\"wp-block-heading\" style=\"font-size:clamp(1.125rem, 1.125rem + ((1vw - 0.2rem) * 0.458), 1.4rem);\">Unirse cada<sup>primer<\/sup> s\u00e1bado de mes en torno a un gran santuario<\/h3>\n\n\n\n<p>En 2025, cada<sup>primer<\/sup> s\u00e1bado de mes se celebrar\u00e1 en un santuario importante de todo el mundo. Usted tambi\u00e9n puede celebrar el<sup>1er<\/sup> s\u00e1bado del mes en el lugar donde vive en uni\u00f3n con el santuario. <\/p>\n<\/div>\n\n\n\n<div class=\"wp-block-buttons is-content-justification-center is-layout-flex wp-container-core-buttons-is-layout-a89b3969 wp-block-buttons-is-layout-flex\">\n<div class=\"wp-block-button\"><a class=\"wp-block-button__link wp-element-button\" href=\"https:\/\/jubile2025-fatima.org\/jubile2025\/#jubile-monde\">Ver la lista de los doce eventos<\/a><\/div>\n<\/div>\n<\/div>\n\n\n\n<div class=\"wp-block-column has-contrast-color has-contrast-2-background-color has-text-color has-background has-link-color wp-elements-bb50bdedd1c1ac9c3750ff821f30dedd is-layout-flow wp-block-column-is-layout-flow\" style=\"padding-top:25px;padding-right:25px;padding-bottom:25px;padding-left:25px;box-shadow:6px 6px 9px rgba(0, 0, 0, 0.2)\">\n<figure class=\"wp-block-image size-large\"><img data-recalc-dims=\"1\" decoding=\"async\" width=\"1024\" height=\"576\" src=\"https:\/\/i0.wp.com\/jubile2025-fatima.org\/wp-content\/uploads\/2025\/01\/image5.jpg?resize=1024%2C576&#038;ssl=1\" alt=\"\" class=\"wp-image-1311\" srcset=\"https:\/\/i0.wp.com\/jubile2025-fatima.org\/wp-content\/uploads\/2025\/01\/image5.jpg?resize=1024%2C576&amp;ssl=1 1024w, https:\/\/i0.wp.com\/jubile2025-fatima.org\/wp-content\/uploads\/2025\/01\/image5.jpg?resize=300%2C169&amp;ssl=1 300w, https:\/\/i0.wp.com\/jubile2025-fatima.org\/wp-content\/uploads\/2025\/01\/image5.jpg?resize=768%2C432&amp;ssl=1 768w, https:\/\/i0.wp.com\/jubile2025-fatima.org\/wp-content\/uploads\/2025\/01\/image5.jpg?resize=1536%2C864&amp;ssl=1 1536w, https:\/\/i0.wp.com\/jubile2025-fatima.org\/wp-content\/uploads\/2025\/01\/image5.jpg?w=1920&amp;ssl=1 1920w\" sizes=\"(max-width: 1000px) 100vw, 1000px\" \/><\/figure>\n\n\n\n<div class=\"wp-block-group has-global-padding is-layout-constrained wp-block-group-is-layout-constrained\" style=\"min-height:300px\">\n<h3 class=\"wp-block-heading\" style=\"font-size:clamp(1.125rem, 1.125rem + ((1vw - 0.2rem) * 0.458), 1.4rem);\">Meditar el mismo misterio del Rosario para estar unidos en la Iglesia<\/h3>\n\n\n\n<p>Para estar unidos al santuario y al resto del mundo, los fieles meditan sobre el mismo misterio del Rosario. Para ayudarles a meditar, la Alianza de los <sup>Primeros<\/sup> S\u00e1bados publica cada mes una meditaci\u00f3n. <\/p>\n<\/div>\n\n\n\n<div class=\"wp-block-buttons is-content-justification-center is-layout-flex wp-container-core-buttons-is-layout-a89b3969 wp-block-buttons-is-layout-flex\">\n<div class=\"wp-block-button\"><a class=\"wp-block-button__link wp-element-button\" href=\"https:\/\/jubile2025-fatima.org\/es\/meditations\/\" target=\"_blank\" rel=\"noreferrer noopener\">Meditaciones<\/a><\/div>\n<\/div>\n<\/div>\n\n\n\n<div class=\"wp-block-column has-contrast-color has-contrast-2-background-color has-text-color has-background has-link-color wp-elements-c1765a4ace79bc0295decaab0cc2f208 is-layout-flow wp-block-column-is-layout-flow\" style=\"padding-top:25px;padding-right:25px;padding-bottom:25px;padding-left:25px;box-shadow:6px 6px 9px rgba(0, 0, 0, 0.2)\">\n<figure class=\"wp-block-image size-large\"><img data-recalc-dims=\"1\" decoding=\"async\" width=\"1024\" height=\"576\" src=\"https:\/\/i0.wp.com\/jubile2025-fatima.org\/wp-content\/uploads\/2025\/01\/sign_226754817.jpg?resize=1024%2C576&#038;ssl=1\" alt=\"\" class=\"wp-image-1331\" srcset=\"https:\/\/i0.wp.com\/jubile2025-fatima.org\/wp-content\/uploads\/2025\/01\/sign_226754817.jpg?resize=1024%2C576&amp;ssl=1 1024w, https:\/\/i0.wp.com\/jubile2025-fatima.org\/wp-content\/uploads\/2025\/01\/sign_226754817.jpg?resize=300%2C169&amp;ssl=1 300w, https:\/\/i0.wp.com\/jubile2025-fatima.org\/wp-content\/uploads\/2025\/01\/sign_226754817.jpg?resize=768%2C432&amp;ssl=1 768w, https:\/\/i0.wp.com\/jubile2025-fatima.org\/wp-content\/uploads\/2025\/01\/sign_226754817.jpg?resize=1536%2C864&amp;ssl=1 1536w, https:\/\/i0.wp.com\/jubile2025-fatima.org\/wp-content\/uploads\/2025\/01\/sign_226754817.jpg?w=1920&amp;ssl=1 1920w\" sizes=\"(max-width: 1000px) 100vw, 1000px\" \/><\/figure>\n\n\n\n<div class=\"wp-block-group has-global-padding is-layout-constrained wp-block-group-is-layout-constrained\" style=\"min-height:300px\">\n<h3 class=\"wp-block-heading\" style=\"font-size:clamp(1.125rem, 1.125rem + ((1vw - 0.2rem) * 0.458), 1.4rem);\">Firme la petici\u00f3n para que los <sup>primeros<\/sup> s\u00e1bados sean oficiales en toda la Iglesia<\/h3>\n\n\n\n<p>Para obtener la paz, Nuestra Se\u00f1ora pidi\u00f3 que un papa hiciera un <strong>acto oficial <\/strong>de encomio en toda la Iglesia el <sup>primer<\/sup> s\u00e1bado del mes.<\/p>\n<\/div>\n\n\n\n<div class=\"wp-block-buttons is-content-justification-center is-layout-flex wp-container-core-buttons-is-layout-a89b3969 wp-block-buttons-is-layout-flex\">\n<div class=\"wp-block-button\"><a class=\"wp-block-button__link wp-element-button\" href=\"https:\/\/jubile2025-fatima.org\/signature\/\" target=\"_blank\" rel=\"noreferrer noopener\">Ver y firmar la solicitud<\/a><\/div>\n<\/div>\n<\/div>\n<\/div>\n<\/div>\n<\/div>\n<\/section>\n\n\n\n<section class=\"wp-block-group has-accent-8-background-color has-background is-layout-flow wp-block-group-is-layout-flow\" style=\"padding-top:var(--wp--preset--spacing--50);padding-bottom:var(--wp--preset--spacing--50)\">\n<div class=\"wp-block-group has-global-padding is-layout-constrained wp-block-group-is-layout-constrained tw-block-animation tw-animation-fade-in-up\">\n<p class=\"has-text-align-center has-accent-color has-text-color has-link-color has-medium-font-size wp-elements-752c56ec139f2bf2423944d90d1f8cd0\" style=\"font-style:normal;font-weight:700;letter-spacing:2px;text-transform:uppercase\">2025, centenario del <sup>primer<\/sup> s\u00e1bado<\/p>\n\n\n\n<h2 class=\"wp-block-heading has-text-align-center has-contrast-2-color has-text-color has-link-color wp-elements-d32fe82d7e8c6bccdafc6074501d2937\" style=\"text-transform:none\">\u00bfPor qu\u00e9 un jubileo de los <sup>primeros<\/sup> s\u00e1bados de 2025?<\/h2>\n<\/div>\n\n\n\n<div class=\"wp-block-group has-global-padding is-layout-constrained wp-block-group-is-layout-constrained\">\n<div class=\"wp-block-columns is-layout-flex wp-container-core-columns-is-layout-d0b3c9c8 wp-block-columns-is-layout-flex\">\n<div class=\"wp-block-column has-contrast-background-color has-background is-layout-flow wp-block-column-is-layout-flow\" style=\"border-radius:18px;padding-top:25px;padding-right:25px;padding-bottom:25px;padding-left:25px\">\n<h3 class=\"wp-block-heading has-text-align-center has-contrast-2-color has-text-color has-link-color wp-elements-2bae893ed65ad1a4bd505247d17faa99\">1917: etapa 1<\/h3>\n\n\n\n<p class=\"has-text-align-center has-contrast-2-color has-text-color has-link-color has-custom-1-font-size wp-elements-8b0a60229bdc1529fba77b5ba90a5b3e tw-block-animation tw-animation-fade-in-up\"><strong>Nuestra Se\u00f1ora anuncia a F\u00e1tima la futura devoci\u00f3n del <sup>1er<\/sup> s\u00e1bado del mes<\/strong><\/p>\n\n\n\n<p class=\"has-text-align-center tw-block-animation tw-animation-fade-in-up\">\u00abPara evitar la guerra vendr\u00e9 a pedir la consagraci\u00f3n de Rusia a mi Inmaculado Coraz\u00f3n y la Comuni\u00f3n Reparadora de los Primeros S\u00e1bados\u00bb.<\/p>\n<\/div>\n\n\n\n<div class=\"wp-block-column has-contrast-background-color has-background is-layout-flow wp-block-column-is-layout-flow\" style=\"border-radius:18px;padding-top:25px;padding-right:25px;padding-bottom:25px;padding-left:25px\">\n<h3 class=\"wp-block-heading has-text-align-center has-contrast-2-color has-text-color has-link-color wp-elements-efdd3cd2693c6720a9f4699cbece7daa\">1925: etapa 2<\/h3>\n\n\n\n<p class=\"has-text-align-center has-contrast-2-color has-text-color has-link-color has-custom-1-font-size wp-elements-ea9e0b6f265c751b9804591b76a36f50 tw-block-animation tw-animation-fade-in-up\"><strong>Se apareci\u00f3 a Sor Luc\u00eda de F\u00e1tima para pedir que se iniciaran <sup>los primeros<\/sup> s\u00e1bados en toda la Iglesia.<\/strong><\/p>\n\n\n\n<p class=\"has-text-align-center\">La paz o la guerra dependen ahora de nuestra respuesta a su petici\u00f3n.<\/p>\n<\/div>\n<\/div>\n<\/div>\n<\/section>\n\n\n\n<div class=\"wp-block-group has-contrast-color has-contrast-2-background-color has-text-color has-background has-link-color wp-elements-1ababdc9a1ec0b03e02146fbecf5ae14 has-global-padding is-layout-constrained wp-block-group-is-layout-constrained\" style=\"padding-top:var(--wp--preset--spacing--50);padding-bottom:var(--wp--preset--spacing--50)\">\n<div class=\"wp-block-group has-global-padding is-layout-constrained wp-container-core-group-is-layout-f36bc466 wp-block-group-is-layout-constrained\">\n<p class=\"has-text-align-center has-accent-color has-text-color has-link-color has-medium-font-size wp-elements-e36b47b18731f333910c9eac18fdfefb\" style=\"font-style:normal;font-weight:700;letter-spacing:2px;text-transform:uppercase\">Dar sentido a 2025<\/p>\n\n\n\n<h2 class=\"wp-block-heading has-text-align-center\" style=\"text-transform:none\">Un Jubileo 2025 para la salvaci\u00f3n del mundo<\/h2>\n<\/div>\n\n\n\n<div class=\"wp-block-group has-global-padding is-layout-constrained wp-block-group-is-layout-constrained\">\n<div class=\"wp-block-columns has-contrast-3-color has-text-color has-link-color wp-elements-d71dac6269ce342ccd2106fdb9f53fed is-layout-flex wp-container-core-columns-is-layout-2fd116b3 wp-block-columns-is-layout-flex\" style=\"padding-top:var(--wp--preset--spacing--30);padding-bottom:0\">\n<div class=\"wp-block-column has-accent-8-background-color has-background is-layout-flow wp-block-column-is-layout-flow\" style=\"padding-top:25px;padding-right:25px;padding-bottom:25px;padding-left:25px\">\n<figure class=\"wp-block-image size-large\"><img data-recalc-dims=\"1\" decoding=\"async\" width=\"1024\" height=\"576\" src=\"https:\/\/i0.wp.com\/jubile2025-fatima.org\/wp-content\/uploads\/2025\/01\/image-vierge-et-lenfant.jpg?resize=1024%2C576&#038;ssl=1\" alt=\"\" class=\"wp-image-1310\" srcset=\"https:\/\/i0.wp.com\/jubile2025-fatima.org\/wp-content\/uploads\/2025\/01\/image-vierge-et-lenfant.jpg?resize=1024%2C576&amp;ssl=1 1024w, https:\/\/i0.wp.com\/jubile2025-fatima.org\/wp-content\/uploads\/2025\/01\/image-vierge-et-lenfant.jpg?resize=300%2C169&amp;ssl=1 300w, https:\/\/i0.wp.com\/jubile2025-fatima.org\/wp-content\/uploads\/2025\/01\/image-vierge-et-lenfant.jpg?resize=768%2C432&amp;ssl=1 768w, https:\/\/i0.wp.com\/jubile2025-fatima.org\/wp-content\/uploads\/2025\/01\/image-vierge-et-lenfant.jpg?resize=1536%2C864&amp;ssl=1 1536w, https:\/\/i0.wp.com\/jubile2025-fatima.org\/wp-content\/uploads\/2025\/01\/image-vierge-et-lenfant.jpg?w=1920&amp;ssl=1 1920w\" sizes=\"(max-width: 1000px) 100vw, 1000px\" \/><\/figure>\n\n\n\n<h3 class=\"wp-block-heading\" style=\"font-size:clamp(1.125rem, 1.125rem + ((1vw - 0.2rem) * 0.458), 1.4rem);\"><strong>Reenfocar 2025 en lo esencial: Cristo y la Sant\u00edsima Virgen Mar\u00eda<\/strong><\/h3>\n\n\n\n<p>El Jubileo 2025 es una invitaci\u00f3n a \u00abvolver a poner el campanario en medio del pueblo\u00bb, es decir, a volver a situar a Cristo y a la Virgen en el centro de nuestra vida personal.<\/p>\n\n\n\n<p>Realizaciones en 2025 el <sup>primer<\/sup> s\u00e1bado de cada mes para demostrarles nuestro cari\u00f1o.<\/p>\n<\/div>\n\n\n\n<div class=\"wp-block-column has-accent-8-background-color has-background is-layout-flow wp-block-column-is-layout-flow\" style=\"padding-top:25px;padding-right:25px;padding-bottom:25px;padding-left:25px\">\n<figure class=\"wp-block-image size-large\"><img data-recalc-dims=\"1\" decoding=\"async\" width=\"1024\" height=\"576\" src=\"https:\/\/i0.wp.com\/jubile2025-fatima.org\/wp-content\/uploads\/2025\/01\/image-1.jpg?resize=1024%2C576&#038;ssl=1\" alt=\"\" class=\"wp-image-1309\" srcset=\"https:\/\/i0.wp.com\/jubile2025-fatima.org\/wp-content\/uploads\/2025\/01\/image-1.jpg?resize=1024%2C576&amp;ssl=1 1024w, https:\/\/i0.wp.com\/jubile2025-fatima.org\/wp-content\/uploads\/2025\/01\/image-1.jpg?resize=300%2C169&amp;ssl=1 300w, https:\/\/i0.wp.com\/jubile2025-fatima.org\/wp-content\/uploads\/2025\/01\/image-1.jpg?resize=768%2C432&amp;ssl=1 768w, https:\/\/i0.wp.com\/jubile2025-fatima.org\/wp-content\/uploads\/2025\/01\/image-1.jpg?resize=1536%2C864&amp;ssl=1 1536w, https:\/\/i0.wp.com\/jubile2025-fatima.org\/wp-content\/uploads\/2025\/01\/image-1.jpg?w=1920&amp;ssl=1 1920w\" sizes=\"(max-width: 1000px) 100vw, 1000px\" \/><\/figure>\n\n\n\n<h3 class=\"wp-block-heading\" style=\"font-size:clamp(1.125rem, 1.125rem + ((1vw - 0.2rem) * 0.458), 1.4rem);\"><strong>Realizar un acto de obediencia a Dios en 2025<\/strong><\/h3>\n\n\n\n<p>Para demostrar nuestro amor por \u00e9l, Dios siempre nos pide que abandonemos nuestra propia voluntad y realicemos un peque\u00f1o acto de obediencia. Lo hizo en el para\u00edso terrenal. Hoy, para salvar al mundo, nos pide que lo hagamos el <sup>primer<\/sup> s\u00e1bado de cada mes.    <\/p>\n<\/div>\n\n\n\n<div class=\"wp-block-column has-accent-8-background-color has-background is-layout-flow wp-block-column-is-layout-flow\" style=\"padding-top:25px;padding-right:25px;padding-bottom:25px;padding-left:25px\">\n<figure class=\"wp-block-image size-large\"><img data-recalc-dims=\"1\" decoding=\"async\" width=\"1024\" height=\"576\" src=\"https:\/\/i0.wp.com\/jubile2025-fatima.org\/wp-content\/uploads\/2025\/01\/image3.jpg?resize=1024%2C576&#038;ssl=1\" alt=\"\" class=\"wp-image-1312\" srcset=\"https:\/\/i0.wp.com\/jubile2025-fatima.org\/wp-content\/uploads\/2025\/01\/image3.jpg?resize=1024%2C576&amp;ssl=1 1024w, https:\/\/i0.wp.com\/jubile2025-fatima.org\/wp-content\/uploads\/2025\/01\/image3.jpg?resize=300%2C169&amp;ssl=1 300w, https:\/\/i0.wp.com\/jubile2025-fatima.org\/wp-content\/uploads\/2025\/01\/image3.jpg?resize=768%2C432&amp;ssl=1 768w, https:\/\/i0.wp.com\/jubile2025-fatima.org\/wp-content\/uploads\/2025\/01\/image3.jpg?resize=1536%2C864&amp;ssl=1 1536w, https:\/\/i0.wp.com\/jubile2025-fatima.org\/wp-content\/uploads\/2025\/01\/image3.jpg?w=1920&amp;ssl=1 1920w\" sizes=\"(max-width: 1000px) 100vw, 1000px\" \/><\/figure>\n\n\n\n<h3 class=\"wp-block-heading\" style=\"font-size:clamp(1.125rem, 1.125rem + ((1vw - 0.2rem) * 0.458), 1.4rem);\">Celebraci\u00f3n del<strong>centenario de los primeros s\u00e1bados de F\u00e1tima <br><\/strong><\/h3>\n\n\n\n<p>Desde hace un siglo, la devoci\u00f3n del <sup>primer<\/sup> s\u00e1bado de mes solicitada por Nuestra Se\u00f1ora en F\u00e1tima para obtener la salvaci\u00f3n del mundo ha sido descuidada u olvidada.<\/p>\n\n\n\n<p>Ante el estado del mundo en 2025, es hora de actuar.<\/p>\n<\/div>\n<\/div>\n\n\n\n<div class=\"wp-block-group has-contrast-color has-contrast-2-background-color has-text-color has-background has-link-color wp-elements-75ea0d79469ecab5cc6e8f55aedc15c9 has-global-padding is-layout-constrained wp-container-core-group-is-layout-80fb368b wp-block-group-is-layout-constrained\" style=\"padding-top:var(--wp--preset--spacing--30);padding-right:var(--wp--preset--spacing--30);padding-bottom:var(--wp--preset--spacing--30);padding-left:var(--wp--preset--spacing--30)\">\n<p class=\"has-text-align-center has-custom-1-font-size\">Ent\u00e9rese de lo que ocurre en el mundo y h\u00e1galo en casa el <sup>primer<\/sup> s\u00e1bado de cada mes.<\/p>\n\n\n\n<div class=\"wp-block-buttons is-content-justification-center is-layout-flex wp-container-core-buttons-is-layout-6a8e3f69 wp-block-buttons-is-layout-flex\" style=\"padding-top:var(--wp--preset--spacing--30);padding-bottom:0\">\n<div class=\"wp-block-button\"><a class=\"wp-block-button__link wp-element-button\" href=\"https:\/\/jubile2025-fatima.org\/lalliance\/#nous-rejoindre\" target=\"_blank\" rel=\"noreferrer noopener\"><strong>Participe en el Jubileo 2025<\/strong><\/a><\/div>\n<\/div>\n<\/div>\n<\/div>\n<\/div>\n\n\n\n<section class=\"wp-block-group has-global-padding is-layout-constrained wp-block-group-is-layout-constrained\">\n<div class=\"wp-block-group has-global-padding is-layout-constrained wp-block-group-is-layout-constrained\" style=\"border-radius:18px\">\n<div style=\"height:50px\" aria-hidden=\"true\" class=\"wp-block-spacer\"><\/div>\n\n\n\n<figure class=\"wp-block-image alignwide size-large is-style-rounded is-style-rounded--1\"><img data-recalc-dims=\"1\" decoding=\"async\" width=\"1024\" height=\"578\" src=\"https:\/\/i0.wp.com\/jubile2025-fatima.org\/wp-content\/uploads\/2025\/02\/carte-n.jpg?resize=1024%2C578&#038;ssl=1\" alt=\"\" class=\"wp-image-4059\" srcset=\"https:\/\/i0.wp.com\/jubile2025-fatima.org\/wp-content\/uploads\/2025\/02\/carte-n.jpg?resize=1024%2C578&amp;ssl=1 1024w, https:\/\/i0.wp.com\/jubile2025-fatima.org\/wp-content\/uploads\/2025\/02\/carte-n.jpg?resize=300%2C169&amp;ssl=1 300w, https:\/\/i0.wp.com\/jubile2025-fatima.org\/wp-content\/uploads\/2025\/02\/carte-n.jpg?resize=768%2C433&amp;ssl=1 768w, https:\/\/i0.wp.com\/jubile2025-fatima.org\/wp-content\/uploads\/2025\/02\/carte-n.jpg?resize=1536%2C866&amp;ssl=1 1536w, https:\/\/i0.wp.com\/jubile2025-fatima.org\/wp-content\/uploads\/2025\/02\/carte-n.jpg?w=1920&amp;ssl=1 1920w\" sizes=\"(max-width: 1000px) 100vw, 1000px\" \/><\/figure>\n<\/div>\n\n\n\n<div class=\"wp-block-group tw-lg-hidden tw-md-hidden tw-sm-hidden has-global-padding is-layout-constrained wp-block-group-is-layout-constrained\">\n<div class=\"wp-block-query is-layout-flow wp-block-query-is-layout-flow\"><ul class=\"columns-4 wp-block-post-template is-layout-grid wp-container-core-post-template-is-layout-e7fd85f5 wp-block-post-template-is-layout-grid\"><li class=\"wp-block-post post-2519 post type-post status-publish format-standard has-post-thumbnail hentry category-sin-categorizar\">\n\n<div class=\"wp-block-group has-contrast-3-color has-gradient-4-gradient-background has-text-color has-background has-link-color wp-elements-5c077b229e3185bdcce358f6dcecc38a has-global-padding is-layout-constrained wp-container-core-group-is-layout-19e250f3 wp-block-group-is-layout-constrained\" style=\"border-radius:18px;box-shadow:5px 5px 10px 2px #0000001a\">\n<div class=\"wp-block-cover is-light has-custom-content-position is-position-bottom-center has-aspect-ratio\" style=\"padding-top:0;padding-right:0;padding-bottom:0;padding-left:0;aspect-ratio:16\/9;min-height:unset;\"><span aria-hidden=\"true\" class=\"wp-block-cover__background has-background-dim-10 has-background-dim has-background-gradient has-gradient-4-gradient-background\"><\/span><img data-recalc-dims=\"1\" decoding=\"async\" width=\"1920\" height=\"1080\" src=\"https:\/\/i0.wp.com\/jubile2025-fatima.org\/wp-content\/uploads\/2024\/12\/chapelle-de-la-rue-du-Bac.jpg?resize=1920%2C1080&#038;ssl=1\" class=\"wp-block-cover__image-background wp-post-image\" alt=\"\" data-object-fit=\"cover\" srcset=\"https:\/\/i0.wp.com\/jubile2025-fatima.org\/wp-content\/uploads\/2024\/12\/chapelle-de-la-rue-du-Bac.jpg?w=1920&amp;ssl=1 1920w, https:\/\/i0.wp.com\/jubile2025-fatima.org\/wp-content\/uploads\/2024\/12\/chapelle-de-la-rue-du-Bac.jpg?resize=300%2C169&amp;ssl=1 300w, https:\/\/i0.wp.com\/jubile2025-fatima.org\/wp-content\/uploads\/2024\/12\/chapelle-de-la-rue-du-Bac.jpg?resize=1024%2C576&amp;ssl=1 1024w, https:\/\/i0.wp.com\/jubile2025-fatima.org\/wp-content\/uploads\/2024\/12\/chapelle-de-la-rue-du-Bac.jpg?resize=768%2C432&amp;ssl=1 768w, https:\/\/i0.wp.com\/jubile2025-fatima.org\/wp-content\/uploads\/2024\/12\/chapelle-de-la-rue-du-Bac.jpg?resize=1536%2C864&amp;ssl=1 1536w\" sizes=\"(max-width: 799px) 125vw,(max-width: 1920px) 100vw,1920px\" \/><div class=\"wp-block-cover__inner-container has-global-padding is-layout-constrained wp-container-core-cover-is-layout-639b5052 wp-block-cover-is-layout-constrained\"><a style=\"font-size:0px;\" class=\"wp-block-read-more\" href=\"https:\/\/jubile2025-fatima.org\/es\/1er-sabado-rue-du-bac\/\" target=\"_self\">Ver el evento<span class=\"screen-reader-text\">: 1er s\u00e1bado rue du bac<\/span><\/a>\n\n\n<div class=\"wp-block-group has-contrast-2-background-color has-background is-vertical is-content-justification-center is-layout-flex wp-container-core-group-is-layout-ce155fab wp-block-group-is-layout-flex\"><\/div>\n<\/div><\/div>\n\n\n\n<div class=\"wp-block-group tw-stretched-link is-vertical is-content-justification-center is-layout-flex wp-container-core-group-is-layout-a2d8da24 wp-block-group-is-layout-flex\" style=\"min-height:180px;padding-top:25px;padding-right:25px;padding-bottom:25px;padding-left:25px\"><p class=\"is-meta-field has-text-align-center wp-elements-361c73442170b98076db3ca9d2129e45 wp-block-mfb-meta-field-block has-text-color has-accent-color has-medium-font-size\"><span class=\"value\"><\/span><\/p>\n\n<h2 style=\"font-size:1rem;text-decoration:none;\" class=\"has-text-align-center has-link-color wp-elements-0e27ca45db19d8fc453a2ead9de6eeac wp-block-post-title has-text-color has-contrast-color\">1er s\u00e1bado rue du bac<\/h2>\n\n\n<div aria-hidden=\"true\" class=\"wp-block-spacer wp-container-content-9cfa9a5a\"><\/div>\n\n\n<a style=\"font-size:0px;\" class=\"wp-block-read-more\" href=\"https:\/\/jubile2025-fatima.org\/es\/1er-sabado-rue-du-bac\/\" target=\"_self\">Ver el evento<span class=\"screen-reader-text\">: 1er s\u00e1bado rue du bac<\/span><\/a>\n\n\n<div class=\"wp-block-group tw-stretched-link is-content-justification-center is-nowrap is-layout-flex wp-container-core-group-is-layout-23441af8 wp-block-group-is-layout-flex\">\n<div class=\"wp-block-group gr_bt_pdfmed has-accent-background-color has-background has-small-font-size tw-stretched-link is-content-justification-center is-nowrap is-layout-flex wp-container-core-group-is-layout-23441af8 wp-block-group-is-layout-flex\" style=\"border-radius:18px;font-style:normal;font-weight:400\"><a class=\"wp-block-read-more\" href=\"https:\/\/jubile2025-fatima.org\/es\/1er-sabado-rue-du-bac\/\" target=\"_self\">Ver el evento<span class=\"screen-reader-text\">: 1er s\u00e1bado rue du bac<\/span><\/a><\/div>\n<\/div>\n<\/div>\n<\/div>\n\n<\/li><li class=\"wp-block-post post-2495 post type-post status-publish format-standard has-post-thumbnail hentry category-sin-categorizar\">\n\n<div class=\"wp-block-group has-contrast-3-color has-gradient-4-gradient-background has-text-color has-background has-link-color wp-elements-5c077b229e3185bdcce358f6dcecc38a has-global-padding is-layout-constrained wp-container-core-group-is-layout-19e250f3 wp-block-group-is-layout-constrained\" style=\"border-radius:18px;box-shadow:5px 5px 10px 2px #0000001a\">\n<div class=\"wp-block-cover is-light has-custom-content-position is-position-bottom-center has-aspect-ratio\" style=\"padding-top:0;padding-right:0;padding-bottom:0;padding-left:0;aspect-ratio:16\/9;min-height:unset;\"><span aria-hidden=\"true\" class=\"wp-block-cover__background has-background-dim-10 has-background-dim has-background-gradient has-gradient-4-gradient-background\"><\/span><img data-recalc-dims=\"1\" decoding=\"async\" width=\"1736\" height=\"1910\" src=\"https:\/\/i0.wp.com\/jubile2025-fatima.org\/wp-content\/uploads\/2025\/01\/cap.jpg?resize=1736%2C1910&#038;ssl=1\" class=\"wp-block-cover__image-background wp-post-image\" alt=\"\" data-object-fit=\"cover\" srcset=\"https:\/\/i0.wp.com\/jubile2025-fatima.org\/wp-content\/uploads\/2025\/01\/cap.jpg?w=1736&amp;ssl=1 1736w, https:\/\/i0.wp.com\/jubile2025-fatima.org\/wp-content\/uploads\/2025\/01\/cap.jpg?resize=273%2C300&amp;ssl=1 273w, https:\/\/i0.wp.com\/jubile2025-fatima.org\/wp-content\/uploads\/2025\/01\/cap.jpg?resize=931%2C1024&amp;ssl=1 931w, https:\/\/i0.wp.com\/jubile2025-fatima.org\/wp-content\/uploads\/2025\/01\/cap.jpg?resize=768%2C845&amp;ssl=1 768w, https:\/\/i0.wp.com\/jubile2025-fatima.org\/wp-content\/uploads\/2025\/01\/cap.jpg?resize=1396%2C1536&amp;ssl=1 1396w\" sizes=\"(max-width: 799px) 125vw,(max-width: 1736px) 100vw,1736px\" \/><div class=\"wp-block-cover__inner-container has-global-padding is-layout-constrained wp-container-core-cover-is-layout-639b5052 wp-block-cover-is-layout-constrained\"><a style=\"font-size:0px;\" class=\"wp-block-read-more\" href=\"https:\/\/jubile2025-fatima.org\/es\/preparativos-para-el-primer-sabado-de-mes-en-el-santuario-de-maghdouche-en-el-libano\/\" target=\"_self\">Ver el evento<span class=\"screen-reader-text\">: Preparativos para el primer s\u00e1bado de mes en el santuario de Maghdouch\u00e9 en el L\u00edbano<\/span><\/a>\n\n\n<div class=\"wp-block-group has-contrast-2-background-color has-background is-vertical is-content-justification-center is-layout-flex wp-container-core-group-is-layout-ce155fab wp-block-group-is-layout-flex\"><\/div>\n<\/div><\/div>\n\n\n\n<div class=\"wp-block-group tw-stretched-link is-vertical is-content-justification-center is-layout-flex wp-container-core-group-is-layout-a2d8da24 wp-block-group-is-layout-flex\" style=\"min-height:180px;padding-top:25px;padding-right:25px;padding-bottom:25px;padding-left:25px\"><p class=\"is-meta-field has-text-align-center wp-elements-361c73442170b98076db3ca9d2129e45 wp-block-mfb-meta-field-block has-text-color has-accent-color has-medium-font-size\"><span class=\"value\"><\/span><\/p>\n\n<h2 style=\"font-size:1rem;text-decoration:none;\" class=\"has-text-align-center has-link-color wp-elements-0e27ca45db19d8fc453a2ead9de6eeac wp-block-post-title has-text-color has-contrast-color\">Preparativos para el primer s\u00e1bado de mes en el santuario de Maghdouch\u00e9 en el L\u00edbano<\/h2>\n\n\n<div aria-hidden=\"true\" class=\"wp-block-spacer wp-container-content-9cfa9a5a\"><\/div>\n\n\n<a style=\"font-size:0px;\" class=\"wp-block-read-more\" href=\"https:\/\/jubile2025-fatima.org\/es\/preparativos-para-el-primer-sabado-de-mes-en-el-santuario-de-maghdouche-en-el-libano\/\" target=\"_self\">Ver el evento<span class=\"screen-reader-text\">: Preparativos para el primer s\u00e1bado de mes en el santuario de Maghdouch\u00e9 en el L\u00edbano<\/span><\/a>\n\n\n<div class=\"wp-block-group tw-stretched-link is-content-justification-center is-nowrap is-layout-flex wp-container-core-group-is-layout-23441af8 wp-block-group-is-layout-flex\">\n<div class=\"wp-block-group gr_bt_pdfmed has-accent-background-color has-background has-small-font-size tw-stretched-link is-content-justification-center is-nowrap is-layout-flex wp-container-core-group-is-layout-23441af8 wp-block-group-is-layout-flex\" style=\"border-radius:18px;font-style:normal;font-weight:400\"><a class=\"wp-block-read-more\" href=\"https:\/\/jubile2025-fatima.org\/es\/preparativos-para-el-primer-sabado-de-mes-en-el-santuario-de-maghdouche-en-el-libano\/\" target=\"_self\">Ver el evento<span class=\"screen-reader-text\">: Preparativos para el primer s\u00e1bado de mes en el santuario de Maghdouch\u00e9 en el L\u00edbano<\/span><\/a><\/div>\n<\/div>\n<\/div>\n<\/div>\n\n<\/li><li class=\"wp-block-post post-5498 post type-post status-publish format-standard has-post-thumbnail hentry category-sin-categorizar\">\n\n<div class=\"wp-block-group has-contrast-3-color has-gradient-4-gradient-background has-text-color has-background has-link-color wp-elements-5c077b229e3185bdcce358f6dcecc38a has-global-padding is-layout-constrained wp-container-core-group-is-layout-19e250f3 wp-block-group-is-layout-constrained\" style=\"border-radius:18px;box-shadow:5px 5px 10px 2px #0000001a\">\n<div class=\"wp-block-cover is-light has-custom-content-position is-position-bottom-center has-aspect-ratio\" style=\"padding-top:0;padding-right:0;padding-bottom:0;padding-left:0;aspect-ratio:16\/9;min-height:unset;\"><span aria-hidden=\"true\" class=\"wp-block-cover__background has-background-dim-10 has-background-dim has-background-gradient has-gradient-4-gradient-background\"><\/span><img data-recalc-dims=\"1\" decoding=\"async\" width=\"960\" height=\"1280\" src=\"https:\/\/i0.wp.com\/jubile2025-fatima.org\/wp-content\/uploads\/2025\/02\/IMAGE-2025-01-21-21_30_24.jpg?resize=960%2C1280&#038;ssl=1\" class=\"wp-block-cover__image-background wp-post-image\" alt=\"\" data-object-fit=\"cover\" srcset=\"https:\/\/i0.wp.com\/jubile2025-fatima.org\/wp-content\/uploads\/2025\/02\/IMAGE-2025-01-21-21_30_24.jpg?w=960&amp;ssl=1 960w, https:\/\/i0.wp.com\/jubile2025-fatima.org\/wp-content\/uploads\/2025\/02\/IMAGE-2025-01-21-21_30_24.jpg?resize=225%2C300&amp;ssl=1 225w, https:\/\/i0.wp.com\/jubile2025-fatima.org\/wp-content\/uploads\/2025\/02\/IMAGE-2025-01-21-21_30_24.jpg?resize=768%2C1024&amp;ssl=1 768w\" sizes=\"(max-width: 799px) 125vw,(max-width: 960px) 100vw,960px\" \/><div class=\"wp-block-cover__inner-container has-global-padding is-layout-constrained wp-container-core-cover-is-layout-639b5052 wp-block-cover-is-layout-constrained\"><a style=\"font-size:0px;\" class=\"wp-block-read-more\" href=\"https:\/\/jubile2025-fatima.org\/es\/sabados-por-la-paz-france-catholique\/\" target=\"_self\">Ver el evento<span class=\"screen-reader-text\">: S\u00e1bados por la paz (France Catholique)<\/span><\/a>\n\n\n<div class=\"wp-block-group has-contrast-2-background-color has-background is-vertical is-content-justification-center is-layout-flex wp-container-core-group-is-layout-ce155fab wp-block-group-is-layout-flex\"><\/div>\n<\/div><\/div>\n\n\n\n<div class=\"wp-block-group tw-stretched-link is-vertical is-content-justification-center is-layout-flex wp-container-core-group-is-layout-a2d8da24 wp-block-group-is-layout-flex\" style=\"min-height:180px;padding-top:25px;padding-right:25px;padding-bottom:25px;padding-left:25px\"><p class=\"is-meta-field has-text-align-center wp-elements-361c73442170b98076db3ca9d2129e45 wp-block-mfb-meta-field-block has-text-color has-accent-color has-medium-font-size\"><span class=\"value\"><\/span><\/p>\n\n<h2 style=\"font-size:1rem;text-decoration:none;\" class=\"has-text-align-center has-link-color wp-elements-0e27ca45db19d8fc453a2ead9de6eeac wp-block-post-title has-text-color has-contrast-color\">S\u00e1bados por la paz (France Catholique)<\/h2>\n\n\n<div aria-hidden=\"true\" class=\"wp-block-spacer wp-container-content-9cfa9a5a\"><\/div>\n\n\n<a style=\"font-size:0px;\" class=\"wp-block-read-more\" href=\"https:\/\/jubile2025-fatima.org\/es\/sabados-por-la-paz-france-catholique\/\" target=\"_self\">Ver el evento<span class=\"screen-reader-text\">: S\u00e1bados por la paz (France Catholique)<\/span><\/a>\n\n\n<div class=\"wp-block-group tw-stretched-link is-content-justification-center is-nowrap is-layout-flex wp-container-core-group-is-layout-23441af8 wp-block-group-is-layout-flex\">\n<div class=\"wp-block-group gr_bt_pdfmed has-accent-background-color has-background has-small-font-size tw-stretched-link is-content-justification-center is-nowrap is-layout-flex wp-container-core-group-is-layout-23441af8 wp-block-group-is-layout-flex\" style=\"border-radius:18px;font-style:normal;font-weight:400\"><a class=\"wp-block-read-more\" href=\"https:\/\/jubile2025-fatima.org\/es\/sabados-por-la-paz-france-catholique\/\" target=\"_self\">Ver el evento<span class=\"screen-reader-text\">: S\u00e1bados por la paz (France Catholique)<\/span><\/a><\/div>\n<\/div>\n<\/div>\n<\/div>\n\n<\/li><li class=\"wp-block-post post-5501 post type-post status-publish format-standard has-post-thumbnail hentry category-sin-categorizar\">\n\n<div class=\"wp-block-group has-contrast-3-color has-gradient-4-gradient-background has-text-color has-background has-link-color wp-elements-5c077b229e3185bdcce358f6dcecc38a has-global-padding is-layout-constrained wp-container-core-group-is-layout-19e250f3 wp-block-group-is-layout-constrained\" style=\"border-radius:18px;box-shadow:5px 5px 10px 2px #0000001a\">\n<div class=\"wp-block-cover is-light has-custom-content-position is-position-bottom-center has-aspect-ratio\" style=\"padding-top:0;padding-right:0;padding-bottom:0;padding-left:0;aspect-ratio:16\/9;min-height:unset;\"><span aria-hidden=\"true\" class=\"wp-block-cover__background has-background-dim-10 has-background-dim has-background-gradient has-gradient-4-gradient-background\"><\/span><img data-recalc-dims=\"1\" decoding=\"async\" width=\"1920\" height=\"1368\" src=\"https:\/\/i0.wp.com\/jubile2025-fatima.org\/wp-content\/uploads\/2025\/02\/083.JPG.jpg?resize=1920%2C1368&#038;ssl=1\" class=\"wp-block-cover__image-background wp-post-image\" alt=\"\" data-object-fit=\"cover\" srcset=\"https:\/\/i0.wp.com\/jubile2025-fatima.org\/wp-content\/uploads\/2025\/02\/083.JPG.jpg?w=1920&amp;ssl=1 1920w, https:\/\/i0.wp.com\/jubile2025-fatima.org\/wp-content\/uploads\/2025\/02\/083.JPG.jpg?resize=300%2C214&amp;ssl=1 300w, https:\/\/i0.wp.com\/jubile2025-fatima.org\/wp-content\/uploads\/2025\/02\/083.JPG.jpg?resize=1024%2C730&amp;ssl=1 1024w, https:\/\/i0.wp.com\/jubile2025-fatima.org\/wp-content\/uploads\/2025\/02\/083.JPG.jpg?resize=768%2C547&amp;ssl=1 768w, https:\/\/i0.wp.com\/jubile2025-fatima.org\/wp-content\/uploads\/2025\/02\/083.JPG.jpg?resize=1536%2C1094&amp;ssl=1 1536w\" sizes=\"(max-width: 799px) 125vw,(max-width: 1920px) 100vw,1920px\" \/><div class=\"wp-block-cover__inner-container has-global-padding is-layout-constrained wp-container-core-cover-is-layout-639b5052 wp-block-cover-is-layout-constrained\"><a style=\"font-size:0px;\" class=\"wp-block-read-more\" href=\"https:\/\/jubile2025-fatima.org\/es\/libano-paz-mantenida-para-el-1er-sabado\/\" target=\"_self\">Ver el evento<span class=\"screen-reader-text\">: L\u00edbano, paz mantenida para el 1er s\u00e1bado.<\/span><\/a>\n\n\n<div class=\"wp-block-group has-contrast-2-background-color has-background is-vertical is-content-justification-center is-layout-flex wp-container-core-group-is-layout-ce155fab wp-block-group-is-layout-flex\"><\/div>\n<\/div><\/div>\n\n\n\n<div class=\"wp-block-group tw-stretched-link is-vertical is-content-justification-center is-layout-flex wp-container-core-group-is-layout-a2d8da24 wp-block-group-is-layout-flex\" style=\"min-height:180px;padding-top:25px;padding-right:25px;padding-bottom:25px;padding-left:25px\"><p class=\"is-meta-field has-text-align-center wp-elements-361c73442170b98076db3ca9d2129e45 wp-block-mfb-meta-field-block has-text-color has-accent-color has-medium-font-size\"><span class=\"value\"><\/span><\/p>\n\n<h2 style=\"font-size:1rem;text-decoration:none;\" class=\"has-text-align-center has-link-color wp-elements-0e27ca45db19d8fc453a2ead9de6eeac wp-block-post-title has-text-color has-contrast-color\">L\u00edbano, paz mantenida para el 1er s\u00e1bado.<\/h2>\n\n\n<div aria-hidden=\"true\" class=\"wp-block-spacer wp-container-content-9cfa9a5a\"><\/div>\n\n\n<a style=\"font-size:0px;\" class=\"wp-block-read-more\" href=\"https:\/\/jubile2025-fatima.org\/es\/libano-paz-mantenida-para-el-1er-sabado\/\" target=\"_self\">Ver el evento<span class=\"screen-reader-text\">: L\u00edbano, paz mantenida para el 1er s\u00e1bado.<\/span><\/a>\n\n\n<div class=\"wp-block-group tw-stretched-link is-content-justification-center is-nowrap is-layout-flex wp-container-core-group-is-layout-23441af8 wp-block-group-is-layout-flex\">\n<div class=\"wp-block-group gr_bt_pdfmed has-accent-background-color has-background has-small-font-size tw-stretched-link is-content-justification-center is-nowrap is-layout-flex wp-container-core-group-is-layout-23441af8 wp-block-group-is-layout-flex\" style=\"border-radius:18px;font-style:normal;font-weight:400\"><a class=\"wp-block-read-more\" href=\"https:\/\/jubile2025-fatima.org\/es\/libano-paz-mantenida-para-el-1er-sabado\/\" target=\"_self\">Ver el evento<span class=\"screen-reader-text\">: L\u00edbano, paz mantenida para el 1er s\u00e1bado.<\/span><\/a><\/div>\n<\/div>\n<\/div>\n<\/div>\n\n<\/li><\/ul><\/div>\n<\/div>\n<\/section>\n<\/main>\n","protected":false},"excerpt":{"rendered":"<p>Programa 2025 en todo el mundo Todos losprimeros s\u00e1bados de mes eventos en todo el mundo Catedral de Mosc\u00fa Rusia Medit. Coronaci\u00f3n de la Sant\u00edsima Virgen Qu\u00e9 puede hacer usted por el Jubileo 2025 Haga que los primeros s\u00e1bados de uni\u00f3n con los santuarios se celebren cerca de usted Unirse cadaprimer s\u00e1bado de mes en [&hellip;]<\/p>\n","protected":false},"author":2,"featured_media":1770,"parent":0,"menu_order":0,"comment_status":"closed","ping_status":"closed","template":"wp-custom-template-jubile2025-multilingue","meta":{"inline_featured_image":false,"footnotes":""},"class_list":["post-2579","page","type-page","status-publish","has-post-thumbnail","hentry"],"mb":[],"yoast_head":"<!-- This site is optimized with the Yoast SEO plugin v26.4 - https:\/\/yoast.com\/wordpress\/plugins\/seo\/ -->\n<title>Jubileo 2025 - jubile2025-fatima.org<\/title>\n<meta name=\"description\" content=\"Jubileo 2025 de los 1os s\u00e1bados de F\u00e1tima despliegue del Jubileo 2025 Cada mes, el 1er s\u00e1bado celebrado en un santuario importante del mundo\" \/>\n<meta name=\"robots\" content=\"index, follow, max-snippet:-1, max-image-preview:large, max-video-preview:-1\" \/>\n<link rel=\"canonical\" href=\"https:\/\/jubile2025-fatima.org\/es\/jubileo-2025\/\" \/>\n<meta property=\"og:locale\" content=\"es_ES\" \/>\n<meta property=\"og:type\" content=\"article\" \/>\n<meta property=\"og:title\" content=\"Jubileo 2025 - jubile2025-fatima.org\" \/>\n<meta property=\"og:description\" content=\"Jubileo 2025 de los 1os s\u00e1bados de F\u00e1tima despliegue del Jubileo 2025 Cada mes, el 1er s\u00e1bado celebrado en un santuario importante del mundo\" \/>\n<meta property=\"og:url\" content=\"https:\/\/jubile2025-fatima.org\/es\/jubileo-2025\/\" \/>\n<meta property=\"og:site_name\" content=\"jubile2025-fatima.org\" \/>\n<meta property=\"article:modified_time\" content=\"2025-11-03T18:48:59+00:00\" \/>\n<meta property=\"og:image\" content=\"https:\/\/jubile2025-fatima.org\/wp-content\/uploads\/2024\/12\/fatima_382043561.jpeg\" \/>\n\t<meta property=\"og:image:width\" content=\"1920\" \/>\n\t<meta property=\"og:image:height\" content=\"1018\" \/>\n\t<meta property=\"og:image:type\" content=\"image\/jpeg\" \/>\n<meta name=\"twitter:card\" content=\"summary_large_image\" \/>\n<meta name=\"twitter:label1\" content=\"Tiempo de lectura\" \/>\n\t<meta name=\"twitter:data1\" content=\"10 minutos\" \/>\n<script type=\"application\/ld+json\" class=\"yoast-schema-graph\">{\"@context\":\"https:\/\/schema.org\",\"@graph\":[{\"@type\":\"WebPage\",\"@id\":\"https:\/\/jubile2025-fatima.org\/es\/jubileo-2025\/\",\"url\":\"https:\/\/jubile2025-fatima.org\/es\/jubileo-2025\/\",\"name\":\"Jubileo 2025 - jubile2025-fatima.org\",\"isPartOf\":{\"@id\":\"https:\/\/jubile2025-fatima.org\/es\/#website\"},\"primaryImageOfPage\":{\"@id\":\"https:\/\/jubile2025-fatima.org\/es\/jubileo-2025\/#primaryimage\"},\"image\":{\"@id\":\"https:\/\/jubile2025-fatima.org\/es\/jubileo-2025\/#primaryimage\"},\"thumbnailUrl\":\"https:\/\/i0.wp.com\/jubile2025-fatima.org\/wp-content\/uploads\/2024\/12\/fatima_382043561.jpeg?fit=1920%2C1018&ssl=1\",\"datePublished\":\"2024-12-17T10:40:02+00:00\",\"dateModified\":\"2025-11-03T18:48:59+00:00\",\"description\":\"Jubileo 2025 de los 1os s\u00e1bados de F\u00e1tima despliegue del Jubileo 2025 Cada mes, el 1er s\u00e1bado celebrado en un santuario importante del mundo\",\"breadcrumb\":{\"@id\":\"https:\/\/jubile2025-fatima.org\/es\/jubileo-2025\/#breadcrumb\"},\"inLanguage\":\"es\",\"potentialAction\":[{\"@type\":\"ReadAction\",\"target\":[\"https:\/\/jubile2025-fatima.org\/es\/jubileo-2025\/\"]}]},{\"@type\":\"ImageObject\",\"inLanguage\":\"es\",\"@id\":\"https:\/\/jubile2025-fatima.org\/es\/jubileo-2025\/#primaryimage\",\"url\":\"https:\/\/i0.wp.com\/jubile2025-fatima.org\/wp-content\/uploads\/2024\/12\/fatima_382043561.jpeg?fit=1920%2C1018&ssl=1\",\"contentUrl\":\"https:\/\/i0.wp.com\/jubile2025-fatima.org\/wp-content\/uploads\/2024\/12\/fatima_382043561.jpeg?fit=1920%2C1018&ssl=1\",\"width\":1920,\"height\":1018,\"caption\":\"conjunto monumental del santuario y la bas\u00edlica de nuestra se\u00f1ora de F\u00e1tima\"},{\"@type\":\"BreadcrumbList\",\"@id\":\"https:\/\/jubile2025-fatima.org\/es\/jubileo-2025\/#breadcrumb\",\"itemListElement\":[{\"@type\":\"ListItem\",\"position\":1,\"name\":\"Accueil\",\"item\":\"https:\/\/jubile2025-fatima.org\/es\/\"},{\"@type\":\"ListItem\",\"position\":2,\"name\":\"Jubileo 2025\"}]},{\"@type\":\"WebSite\",\"@id\":\"https:\/\/jubile2025-fatima.org\/es\/#website\",\"url\":\"https:\/\/jubile2025-fatima.org\/es\/\",\"name\":\"jubile2025-fatima.org\",\"description\":\"Jubile 2025 Fatima - Alliance les 1ers samedis de de Fatima pour la paix\",\"publisher\":{\"@id\":\"https:\/\/jubile2025-fatima.org\/es\/#organization\"},\"potentialAction\":[{\"@type\":\"SearchAction\",\"target\":{\"@type\":\"EntryPoint\",\"urlTemplate\":\"https:\/\/jubile2025-fatima.org\/es\/?s={search_term_string}\"},\"query-input\":{\"@type\":\"PropertyValueSpecification\",\"valueRequired\":true,\"valueName\":\"search_term_string\"}}],\"inLanguage\":\"es\"},{\"@type\":\"Organization\",\"@id\":\"https:\/\/jubile2025-fatima.org\/es\/#organization\",\"name\":\"jubile2025-fatima.org\",\"url\":\"https:\/\/jubile2025-fatima.org\/es\/\",\"logo\":{\"@type\":\"ImageObject\",\"inLanguage\":\"es\",\"@id\":\"https:\/\/jubile2025-fatima.org\/es\/#\/schema\/logo\/image\/\",\"url\":\"https:\/\/jubile2025-fatima.org\/wp-content\/uploads\/2024\/12\/2logo-officiel-copie-2.png\",\"contentUrl\":\"https:\/\/jubile2025-fatima.org\/wp-content\/uploads\/2024\/12\/2logo-officiel-copie-2.png\",\"width\":1921,\"height\":1081,\"caption\":\"jubile2025-fatima.org\"},\"image\":{\"@id\":\"https:\/\/jubile2025-fatima.org\/es\/#\/schema\/logo\/image\/\"}}]}<\/script>\n<!-- \/ Yoast SEO plugin. -->","yoast_head_json":{"title":"Jubileo 2025 - jubile2025-fatima.org","description":"Jubileo 2025 de los 1os s\u00e1bados de F\u00e1tima despliegue del Jubileo 2025 Cada mes, el 1er s\u00e1bado celebrado en un santuario importante del mundo","robots":{"index":"index","follow":"follow","max-snippet":"max-snippet:-1","max-image-preview":"max-image-preview:large","max-video-preview":"max-video-preview:-1"},"canonical":"https:\/\/jubile2025-fatima.org\/es\/jubileo-2025\/","og_locale":"es_ES","og_type":"article","og_title":"Jubileo 2025 - jubile2025-fatima.org","og_description":"Jubileo 2025 de los 1os s\u00e1bados de F\u00e1tima despliegue del Jubileo 2025 Cada mes, el 1er s\u00e1bado celebrado en un santuario importante del mundo","og_url":"https:\/\/jubile2025-fatima.org\/es\/jubileo-2025\/","og_site_name":"jubile2025-fatima.org","article_modified_time":"2025-11-03T18:48:59+00:00","og_image":[{"width":1920,"height":1018,"url":"https:\/\/jubile2025-fatima.org\/wp-content\/uploads\/2024\/12\/fatima_382043561.jpeg","type":"image\/jpeg"}],"twitter_card":"summary_large_image","twitter_misc":{"Tiempo de lectura":"10 minutos"},"schema":{"@context":"https:\/\/schema.org","@graph":[{"@type":"WebPage","@id":"https:\/\/jubile2025-fatima.org\/es\/jubileo-2025\/","url":"https:\/\/jubile2025-fatima.org\/es\/jubileo-2025\/","name":"Jubileo 2025 - jubile2025-fatima.org","isPartOf":{"@id":"https:\/\/jubile2025-fatima.org\/es\/#website"},"primaryImageOfPage":{"@id":"https:\/\/jubile2025-fatima.org\/es\/jubileo-2025\/#primaryimage"},"image":{"@id":"https:\/\/jubile2025-fatima.org\/es\/jubileo-2025\/#primaryimage"},"thumbnailUrl":"https:\/\/i0.wp.com\/jubile2025-fatima.org\/wp-content\/uploads\/2024\/12\/fatima_382043561.jpeg?fit=1920%2C1018&ssl=1","datePublished":"2024-12-17T10:40:02+00:00","dateModified":"2025-11-03T18:48:59+00:00","description":"Jubileo 2025 de los 1os s\u00e1bados de F\u00e1tima despliegue del Jubileo 2025 Cada mes, el 1er s\u00e1bado celebrado en un santuario importante del mundo","breadcrumb":{"@id":"https:\/\/jubile2025-fatima.org\/es\/jubileo-2025\/#breadcrumb"},"inLanguage":"es","potentialAction":[{"@type":"ReadAction","target":["https:\/\/jubile2025-fatima.org\/es\/jubileo-2025\/"]}]},{"@type":"ImageObject","inLanguage":"es","@id":"https:\/\/jubile2025-fatima.org\/es\/jubileo-2025\/#primaryimage","url":"https:\/\/i0.wp.com\/jubile2025-fatima.org\/wp-content\/uploads\/2024\/12\/fatima_382043561.jpeg?fit=1920%2C1018&ssl=1","contentUrl":"https:\/\/i0.wp.com\/jubile2025-fatima.org\/wp-content\/uploads\/2024\/12\/fatima_382043561.jpeg?fit=1920%2C1018&ssl=1","width":1920,"height":1018,"caption":"conjunto monumental del santuario y la bas\u00edlica de nuestra se\u00f1ora de F\u00e1tima"},{"@type":"BreadcrumbList","@id":"https:\/\/jubile2025-fatima.org\/es\/jubileo-2025\/#breadcrumb","itemListElement":[{"@type":"ListItem","position":1,"name":"Accueil","item":"https:\/\/jubile2025-fatima.org\/es\/"},{"@type":"ListItem","position":2,"name":"Jubileo 2025"}]},{"@type":"WebSite","@id":"https:\/\/jubile2025-fatima.org\/es\/#website","url":"https:\/\/jubile2025-fatima.org\/es\/","name":"jubile2025-fatima.org","description":"Jubile 2025 Fatima - Alliance les 1ers samedis de de Fatima pour la paix","publisher":{"@id":"https:\/\/jubile2025-fatima.org\/es\/#organization"},"potentialAction":[{"@type":"SearchAction","target":{"@type":"EntryPoint","urlTemplate":"https:\/\/jubile2025-fatima.org\/es\/?s={search_term_string}"},"query-input":{"@type":"PropertyValueSpecification","valueRequired":true,"valueName":"search_term_string"}}],"inLanguage":"es"},{"@type":"Organization","@id":"https:\/\/jubile2025-fatima.org\/es\/#organization","name":"jubile2025-fatima.org","url":"https:\/\/jubile2025-fatima.org\/es\/","logo":{"@type":"ImageObject","inLanguage":"es","@id":"https:\/\/jubile2025-fatima.org\/es\/#\/schema\/logo\/image\/","url":"https:\/\/jubile2025-fatima.org\/wp-content\/uploads\/2024\/12\/2logo-officiel-copie-2.png","contentUrl":"https:\/\/jubile2025-fatima.org\/wp-content\/uploads\/2024\/12\/2logo-officiel-copie-2.png","width":1921,"height":1081,"caption":"jubile2025-fatima.org"},"image":{"@id":"https:\/\/jubile2025-fatima.org\/es\/#\/schema\/logo\/image\/"}}]}},"jetpack_sharing_enabled":true,"jetpack-related-posts":[{"id":2577,"url":"https:\/\/jubile2025-fatima.org\/it\/giubileo-2025\/","url_meta":{"origin":2579,"position":0},"title":"Giubileo 2025","author":"Agence Graphineo","date":"diciembre 17, 2024","format":false,"excerpt":"Giubileo 2025Primi Sabati di Fatima Programma 2025 in tutto il mondo Ogniprimo sabato del mese eventi in tutto il mondo Sabato 6 dicembre Cattedrale di Mosca Russia Medit. Incoronazione della Beata Vergine Vedere le notizie Sabato 6 dicembre Fatima Portogallo Medit. Incoronazione della Beata Vergine Vedere le notizie Sabato 1\u2026","rel":"","context":"Entrada similar","block_context":{"text":"Entrada similar","link":""},"img":{"alt_text":"","src":"https:\/\/i0.wp.com\/jubile2025-fatima.org\/wp-content\/uploads\/2024\/12\/fatima_382043561.jpeg?fit=1200%2C636&ssl=1&resize=350%2C200","width":350,"height":200,"srcset":"https:\/\/i0.wp.com\/jubile2025-fatima.org\/wp-content\/uploads\/2024\/12\/fatima_382043561.jpeg?fit=1200%2C636&ssl=1&resize=350%2C200 1x, https:\/\/i0.wp.com\/jubile2025-fatima.org\/wp-content\/uploads\/2024\/12\/fatima_382043561.jpeg?fit=1200%2C636&ssl=1&resize=525%2C300 1.5x, https:\/\/i0.wp.com\/jubile2025-fatima.org\/wp-content\/uploads\/2024\/12\/fatima_382043561.jpeg?fit=1200%2C636&ssl=1&resize=700%2C400 2x, https:\/\/i0.wp.com\/jubile2025-fatima.org\/wp-content\/uploads\/2024\/12\/fatima_382043561.jpeg?fit=1200%2C636&ssl=1&resize=1050%2C600 3x"},"classes":[]},{"id":2575,"url":"https:\/\/jubile2025-fatima.org\/pt-pt\/jubileu-2025\/","url_meta":{"origin":2579,"position":1},"title":"Jubileu 2025","author":"Agence Graphineo","date":"diciembre 17, 2024","format":false,"excerpt":"Jubileu 20251\u00bas S\u00e1bados de F\u00e1tima Programa 2025 a n\u00edvel mundial Todos osprimeiros s\u00e1bados do m\u00eas, eventos em todo o mundo S\u00e1bado, 6 de dezembro Catedral de Moscovo R\u00fassia Medite. Coroa\u00e7\u00e3o da Sant\u00edssima Virgem Veja as not\u00edcias S\u00e1bado, 6 de dezembro F\u00e1tima Portugal Medite. Coroa\u00e7\u00e3o da Sant\u00edssima Virgem Veja as not\u00edcias\u2026","rel":"","context":"Entrada similar","block_context":{"text":"Entrada similar","link":""},"img":{"alt_text":"","src":"https:\/\/i0.wp.com\/jubile2025-fatima.org\/wp-content\/uploads\/2024\/12\/fatima_382043561.jpeg?fit=1200%2C636&ssl=1&resize=350%2C200","width":350,"height":200,"srcset":"https:\/\/i0.wp.com\/jubile2025-fatima.org\/wp-content\/uploads\/2024\/12\/fatima_382043561.jpeg?fit=1200%2C636&ssl=1&resize=350%2C200 1x, https:\/\/i0.wp.com\/jubile2025-fatima.org\/wp-content\/uploads\/2024\/12\/fatima_382043561.jpeg?fit=1200%2C636&ssl=1&resize=525%2C300 1.5x, https:\/\/i0.wp.com\/jubile2025-fatima.org\/wp-content\/uploads\/2024\/12\/fatima_382043561.jpeg?fit=1200%2C636&ssl=1&resize=700%2C400 2x, https:\/\/i0.wp.com\/jubile2025-fatima.org\/wp-content\/uploads\/2024\/12\/fatima_382043561.jpeg?fit=1200%2C636&ssl=1&resize=1050%2C600 3x"},"classes":[]},{"id":2587,"url":"https:\/\/jubile2025-fatima.org\/ru\/%d1%8e%d0%b1%d0%b8%d0%bb%d0%b5%d0%b9-2025-%d0%b3%d0%be%d0%b4%d0%b0\/","url_meta":{"origin":2579,"position":2},"title":"\u042e\u0431\u0438\u043b\u0435\u0439 2025 \u0433\u043e\u0434\u0430","author":"Agence Graphineo","date":"diciembre 17, 2024","format":false,"excerpt":"\u042e\u0431\u0438\u043b\u0435\u0439 2025 \u0433\u043e\u0434\u04301-\u044f \u0421\u0443\u0431\u0431\u043e\u0442\u0430 \u0424\u0430\u0442\u0438\u043c\u044b \u041f\u0440\u043e\u0433\u0440\u0430\u043c\u043c\u0430 2025 \u043f\u043e \u0432\u0441\u0435\u043c\u0443 \u043c\u0438\u0440\u0443 \u041a\u0430\u0436\u0434\u0443\u044e1-\u044e \u0441\u0443\u0431\u0431\u043e\u0442\u0443 \u043c\u0435\u0441\u044f\u0446\u0430 \u0441\u043e\u0431\u044b\u0442\u0438\u044f \u043f\u043e \u0432\u0441\u0435\u043c\u0443 \u043c\u0438\u0440\u0443 \u0421\u0443\u0431\u0431\u043e\u0442\u0430 6 \u0434\u0435\u043a\u0430\u0431\u0440\u044f \u041c\u043e\u0441\u043a\u043e\u0432\u0441\u043a\u0438\u0439 \u0441\u043e\u0431\u043e\u0440 \u0420\u043e\u0441\u0441\u0438\u044f \u041c\u0435\u0434\u0438\u0442. \u041a\u043e\u0440\u043e\u043d\u0430\u0446\u0438\u044f \u041f\u0440\u0435\u0441\u0432\u044f\u0442\u043e\u0439 \u0414\u0435\u0432\u044b \u0421\u043c\u043e\u0442\u0440\u0435\u0442\u044c \u043d\u043e\u0432\u043e\u0441\u0442\u0438 \u0421\u0443\u0431\u0431\u043e\u0442\u0430 6 \u0434\u0435\u043a\u0430\u0431\u0440\u044f \u0424\u0430\u0442\u0438\u043c\u0430 \u041f\u043e\u0440\u0442\u0443\u0433\u0430\u043b\u0438\u044f \u041c\u0435\u0434\u0438\u0442. \u041a\u043e\u0440\u043e\u043d\u0430\u0446\u0438\u044f \u041f\u0440\u0435\u0441\u0432\u044f\u0442\u043e\u0439 \u0414\u0435\u0432\u044b \u0421\u043c\u043e\u0442\u0440\u0435\u0442\u044c \u043d\u043e\u0432\u043e\u0441\u0442\u0438 \u0421\u0443\u0431\u0431\u043e\u0442\u0430 1 \u043d\u043e\u044f\u0431\u0440\u044f \u041a\u043e\u043d\u0446\u0435\u043f\u0446\u0438\u044f Nuestra Se\u00f1ora \u041c\u0430\u0434\u0440\u0438\u0434 \u041c\u0435\u0434\u0438\u0442\u0430\u0446\u0438\u044f: \u0420\u0430\u0441\u043f\u044f\u0442\u0438\u0435 \u0421\u043c\u043e\u0442\u0440\u0435\u0442\u044c\u2026","rel":"","context":"Entrada similar","block_context":{"text":"Entrada similar","link":""},"img":{"alt_text":"","src":"https:\/\/i0.wp.com\/jubile2025-fatima.org\/wp-content\/uploads\/2024\/12\/fatima_382043561.jpeg?fit=1200%2C636&ssl=1&resize=350%2C200","width":350,"height":200,"srcset":"https:\/\/i0.wp.com\/jubile2025-fatima.org\/wp-content\/uploads\/2024\/12\/fatima_382043561.jpeg?fit=1200%2C636&ssl=1&resize=350%2C200 1x, https:\/\/i0.wp.com\/jubile2025-fatima.org\/wp-content\/uploads\/2024\/12\/fatima_382043561.jpeg?fit=1200%2C636&ssl=1&resize=525%2C300 1.5x, https:\/\/i0.wp.com\/jubile2025-fatima.org\/wp-content\/uploads\/2024\/12\/fatima_382043561.jpeg?fit=1200%2C636&ssl=1&resize=700%2C400 2x, https:\/\/i0.wp.com\/jubile2025-fatima.org\/wp-content\/uploads\/2024\/12\/fatima_382043561.jpeg?fit=1200%2C636&ssl=1&resize=1050%2C600 3x"},"classes":[]},{"id":2581,"url":"https:\/\/jubile2025-fatima.org\/en\/jubile-2025\/","url_meta":{"origin":2579,"position":3},"title":"Jubile 2025","author":"Agence Graphineo","date":"diciembre 17, 2024","format":false,"excerpt":"Jubile 20251st Saturdays of Fatima Program 2025 worldwide Chaque 1er samedi du mois des \u00e9v\u00e8nements dans le monde Saturday, December 6 Moscow Cathedral Russia Medit. Coronation of the Blessed Virgin See the news Saturday, December 6 Fatima Portugal Medit. Coronation of the Blessed Virgin See the news Saturday, November 1\u2026","rel":"","context":"Entrada similar","block_context":{"text":"Entrada similar","link":""},"img":{"alt_text":"","src":"https:\/\/i0.wp.com\/jubile2025-fatima.org\/wp-content\/uploads\/2024\/12\/fatima_382043561.jpeg?fit=1200%2C636&ssl=1&resize=350%2C200","width":350,"height":200,"srcset":"https:\/\/i0.wp.com\/jubile2025-fatima.org\/wp-content\/uploads\/2024\/12\/fatima_382043561.jpeg?fit=1200%2C636&ssl=1&resize=350%2C200 1x, https:\/\/i0.wp.com\/jubile2025-fatima.org\/wp-content\/uploads\/2024\/12\/fatima_382043561.jpeg?fit=1200%2C636&ssl=1&resize=525%2C300 1.5x, https:\/\/i0.wp.com\/jubile2025-fatima.org\/wp-content\/uploads\/2024\/12\/fatima_382043561.jpeg?fit=1200%2C636&ssl=1&resize=700%2C400 2x, https:\/\/i0.wp.com\/jubile2025-fatima.org\/wp-content\/uploads\/2024\/12\/fatima_382043561.jpeg?fit=1200%2C636&ssl=1&resize=1050%2C600 3x"},"classes":[]},{"id":2439,"url":"https:\/\/jubile2025-fatima.org\/es\/","url_meta":{"origin":2579,"position":4},"title":"Inicio","author":"Agence Graphineo","date":"diciembre 13, 2024","format":false,"excerpt":"Jubileo 2025 de los Primeros S\u00e1bados de F\u00e1tima Unir fuerzas por la paz llevando a cabo los primeros s\u00e1bados de mes solicitados por Nuestra Se\u00f1ora de F\u00e1tima hace 100 a\u00f1os Para continuar con los primeros s\u00e1bados del mes en 2026, visite el sitio web. salve-corda.org S\u00e1bado 6 de diciembre Catedral\u2026","rel":"","context":"Entrada similar","block_context":{"text":"Entrada similar","link":""},"img":{"alt_text":"","src":"https:\/\/i0.wp.com\/jubile2025-fatima.org\/wp-content\/uploads\/2025\/01\/logo-officiel-vecto-clair.png?fit=1200%2C675&ssl=1&resize=350%2C200","width":350,"height":200,"srcset":"https:\/\/i0.wp.com\/jubile2025-fatima.org\/wp-content\/uploads\/2025\/01\/logo-officiel-vecto-clair.png?fit=1200%2C675&ssl=1&resize=350%2C200 1x, https:\/\/i0.wp.com\/jubile2025-fatima.org\/wp-content\/uploads\/2025\/01\/logo-officiel-vecto-clair.png?fit=1200%2C675&ssl=1&resize=525%2C300 1.5x, https:\/\/i0.wp.com\/jubile2025-fatima.org\/wp-content\/uploads\/2025\/01\/logo-officiel-vecto-clair.png?fit=1200%2C675&ssl=1&resize=700%2C400 2x, https:\/\/i0.wp.com\/jubile2025-fatima.org\/wp-content\/uploads\/2025\/01\/logo-officiel-vecto-clair.png?fit=1200%2C675&ssl=1&resize=1050%2C600 3x"},"classes":[]},{"id":490,"url":"https:\/\/jubile2025-fatima.org\/jubile2025\/","url_meta":{"origin":2579,"position":5},"title":"Jubile 2025","author":"Agence Graphineo","date":"diciembre 17, 2024","format":false,"excerpt":"Jubile 2025des 1ers samedis de Fatima Programme 2025 dans le monde Chaque 1er samedi du mois des \u00e9v\u00e8nements dans le monde Samedi 6 d\u00e9cembre Cath\u00e9drale de Moscou Russie M\u00e9dit. : Couronnement de la Ste Vierge Voir les actualit\u00e9s Samedi 6 d\u00e9cembre Fatima Portugal M\u00e9dit. : Couronnement de la Ste Vierge\u2026","rel":"","context":"Entrada similar","block_context":{"text":"Entrada similar","link":""},"img":{"alt_text":"","src":"https:\/\/i0.wp.com\/jubile2025-fatima.org\/wp-content\/uploads\/2024\/12\/fatima_382043561.jpeg?fit=1200%2C636&ssl=1&resize=350%2C200","width":350,"height":200,"srcset":"https:\/\/i0.wp.com\/jubile2025-fatima.org\/wp-content\/uploads\/2024\/12\/fatima_382043561.jpeg?fit=1200%2C636&ssl=1&resize=350%2C200 1x, https:\/\/i0.wp.com\/jubile2025-fatima.org\/wp-content\/uploads\/2024\/12\/fatima_382043561.jpeg?fit=1200%2C636&ssl=1&resize=525%2C300 1.5x, https:\/\/i0.wp.com\/jubile2025-fatima.org\/wp-content\/uploads\/2024\/12\/fatima_382043561.jpeg?fit=1200%2C636&ssl=1&resize=700%2C400 2x, https:\/\/i0.wp.com\/jubile2025-fatima.org\/wp-content\/uploads\/2024\/12\/fatima_382043561.jpeg?fit=1200%2C636&ssl=1&resize=1050%2C600 3x"},"classes":[]}],"mfb_rest_fields":["title","yoast_head","yoast_head_json","jetpack_sharing_enabled","jetpack-related-posts"],"_links":{"self":[{"href":"https:\/\/jubile2025-fatima.org\/es\/wp-json\/wp\/v2\/pages\/2579","targetHints":{"allow":["GET"]}}],"collection":[{"href":"https:\/\/jubile2025-fatima.org\/es\/wp-json\/wp\/v2\/pages"}],"about":[{"href":"https:\/\/jubile2025-fatima.org\/es\/wp-json\/wp\/v2\/types\/page"}],"author":[{"embeddable":true,"href":"https:\/\/jubile2025-fatima.org\/es\/wp-json\/wp\/v2\/users\/2"}],"replies":[{"embeddable":true,"href":"https:\/\/jubile2025-fatima.org\/es\/wp-json\/wp\/v2\/comments?post=2579"}],"version-history":[{"count":10,"href":"https:\/\/jubile2025-fatima.org\/es\/wp-json\/wp\/v2\/pages\/2579\/revisions"}],"predecessor-version":[{"id":12252,"href":"https:\/\/jubile2025-fatima.org\/es\/wp-json\/wp\/v2\/pages\/2579\/revisions\/12252"}],"wp:featuredmedia":[{"embeddable":true,"href":"https:\/\/jubile2025-fatima.org\/es\/wp-json\/wp\/v2\/media\/1770"}],"wp:attachment":[{"href":"https:\/\/jubile2025-fatima.org\/es\/wp-json\/wp\/v2\/media?parent=2579"}],"curies":[{"name":"wp","href":"https:\/\/api.w.org\/{rel}","templated":true}]}}